{"id":1363,"date":"2019-07-09T20:21:37","date_gmt":"2019-07-09T18:21:37","guid":{"rendered":"http:\/\/gadmuisne.gob.ec\/web\/?page_id=1363"},"modified":"2020-01-21T18:19:19","modified_gmt":"2020-01-21T17:19:19","slug":"actividades","status":"publish","type":"page","link":"https:\/\/gadmuisne.gob.ec\/web\/actividades\/","title":{"rendered":"Actividades"},"content":{"rendered":"<style>.wp-show-posts-columns#wpsp-1644 {margin-left: -2em; }.wp-show-posts-columns#wpsp-1644 .wp-show-posts-inner {margin: 0 0 2em 2em; }<\/style><section id=\"wpsp-1644\" class=\" wp-show-posts-columns wp-show-posts\" style=\"\"><article class=\" wp-show-posts-single post-21054 post type-post status-publish format-standard has-post-thumbnail hentry category-actividades category-noticias1 wpsp-col-4\" itemtype=\"http:\/\/schema.org\/CreativeWork\" itemscope><div class=\"wp-show-posts-inner\" style=\"\">\t\t\t\t\t\t<header class=\"wp-show-posts-entry-header\">\n\t\t\t\t\t\t\t<h2 class=\"wp-show-posts-entry-title\" itemprop=\"headline\"><a href=\"https:\/\/gadmuisne.gob.ec\/web\/alcaldia-de-muisne-traslada-material-petreo-para-mejorar-la-via-el-leon-en-la-parroquia-daule\/\" rel=\"bookmark\">ALCALD\u00cdA DE MUISNE TRASLADA MATERIAL P\u00c9TREO PARA MEJORAR LA V\u00cdA EL LE\u00d3N EN LA PARROQUIA DAULE<\/a><\/h2><div class=\"wp-show-posts-entry-meta wp-show-posts-entry-meta-below-title post-meta-inline\"><span class=\"wp-show-posts-posted-on wp-show-posts-meta\">\n\t\t\t\t\t<a href=\"https:\/\/gadmuisne.gob.ec\/web\/alcaldia-de-muisne-traslada-material-petreo-para-mejorar-la-via-el-leon-en-la-parroquia-daule\/\" title=\"9:54 am\" rel=\"bookmark\"><time class=\"wp-show-posts-entry-date published\" datetime=\"2026-04-28T09:54:54-05:00\" itemprop=\"datePublished\">28 abril, 2026<\/time><\/a>\n\t\t\t\t<\/span><\/div>\t\t\t\t\t\t<\/header><!-- .entry-header -->\n\t\t\t\t\t\t\t<div class=\"wp-show-posts-image  wpsp-image-center \">\n\t\t\t<a href=\"https:\/\/gadmuisne.gob.ec\/web\/alcaldia-de-muisne-traslada-material-petreo-para-mejorar-la-via-el-leon-en-la-parroquia-daule\/\"  title=\"ALCALD\u00cdA DE MUISNE TRASLADA MATERIAL P\u00c9TREO PARA MEJORAR LA V\u00cdA EL LE\u00d3N EN LA PARROQUIA DAULE\"><img loading=\"lazy\" decoding=\"async\" width=\"1600\" height=\"900\" src=\"https:\/\/gadmuisne.gob.ec\/web\/wp-content\/uploads\/2026\/04\/683612563_894126953684858_7831526222705580188_n.jpg\" class=\"attachment-full size-full wp-post-image\" alt=\"\" itemprop=\"image\" srcset=\"https:\/\/gadmuisne.gob.ec\/web\/wp-content\/uploads\/2026\/04\/683612563_894126953684858_7831526222705580188_n.jpg 1600w, https:\/\/gadmuisne.gob.ec\/web\/wp-content\/uploads\/2026\/04\/683612563_894126953684858_7831526222705580188_n-300x169.jpg 300w, https:\/\/gadmuisne.gob.ec\/web\/wp-content\/uploads\/2026\/04\/683612563_894126953684858_7831526222705580188_n-1024x576.jpg 1024w, https:\/\/gadmuisne.gob.ec\/web\/wp-content\/uploads\/2026\/04\/683612563_894126953684858_7831526222705580188_n-768x432.jpg 768w, https:\/\/gadmuisne.gob.ec\/web\/wp-content\/uploads\/2026\/04\/683612563_894126953684858_7831526222705580188_n-1536x864.jpg 1536w, https:\/\/gadmuisne.gob.ec\/web\/wp-content\/uploads\/2026\/04\/683612563_894126953684858_7831526222705580188_n-270x152.jpg 270w, https:\/\/gadmuisne.gob.ec\/web\/wp-content\/uploads\/2026\/04\/683612563_894126953684858_7831526222705580188_n-370x208.jpg 370w, https:\/\/gadmuisne.gob.ec\/web\/wp-content\/uploads\/2026\/04\/683612563_894126953684858_7831526222705580188_n-570x321.jpg 570w, https:\/\/gadmuisne.gob.ec\/web\/wp-content\/uploads\/2026\/04\/683612563_894126953684858_7831526222705580188_n-770x433.jpg 770w, https:\/\/gadmuisne.gob.ec\/web\/wp-content\/uploads\/2026\/04\/683612563_894126953684858_7831526222705580188_n-870x489.jpg 870w, https:\/\/gadmuisne.gob.ec\/web\/wp-content\/uploads\/2026\/04\/683612563_894126953684858_7831526222705580188_n-1170x658.jpg 1170w, https:\/\/gadmuisne.gob.ec\/web\/wp-content\/uploads\/2026\/04\/683612563_894126953684858_7831526222705580188_n-1570x883.jpg 1570w\" sizes=\"auto, (max-width: 1600px) 100vw, 1600px\" \/><\/a>\t\t<\/div>\n\t\t\t\t\t\t\t\t<div class=\"wp-show-posts-entry-summary\" itemprop=\"text\">\n\t\t\t\t\t\t\t<p>BOLET\u00cdN DE PRENSA Nro. 22 Muisne, 27 de abril de&#8230;<\/p>\n\t\t\t\t\t\t<\/div><!-- .entry-summary -->\n\t\t\t\t\t<div class=\"wpsp-read-more\"><a title=\"ALCALD\u00cdA DE MUISNE TRASLADA MATERIAL P\u00c9TREO PARA MEJORAR LA V\u00cdA EL LE\u00d3N EN LA PARROQUIA DAULE\" class=\"wp-show-posts-read-more\" href=\"https:\/\/gadmuisne.gob.ec\/web\/alcaldia-de-muisne-traslada-material-petreo-para-mejorar-la-via-el-leon-en-la-parroquia-daule\/\">Leer mas<\/a><\/div><\/div><!-- wp-show-posts-inner --><\/article><article class=\" wp-show-posts-single post-21039 post type-post status-publish format-standard has-post-thumbnail hentry category-actividades category-noticias1 wpsp-col-4\" itemtype=\"http:\/\/schema.org\/CreativeWork\" itemscope><div class=\"wp-show-posts-inner\" style=\"\">\t\t\t\t\t\t<header class=\"wp-show-posts-entry-header\">\n\t\t\t\t\t\t\t<h2 class=\"wp-show-posts-entry-title\" itemprop=\"headline\"><a href=\"https:\/\/gadmuisne.gob.ec\/web\/municipio-de-muisne-continua-con-la-entrega-de-arroz-a-familias-del-recinto-bunche\/\" rel=\"bookmark\">MUNICIPIO DE MUISNE CONTIN\u00daA CON LA ENTREGA DE ARROZ A FAMILIAS DEL RECINTO BUNCHE<\/a><\/h2><div class=\"wp-show-posts-entry-meta wp-show-posts-entry-meta-below-title post-meta-inline\"><span class=\"wp-show-posts-posted-on wp-show-posts-meta\">\n\t\t\t\t\t<a href=\"https:\/\/gadmuisne.gob.ec\/web\/municipio-de-muisne-continua-con-la-entrega-de-arroz-a-familias-del-recinto-bunche\/\" title=\"9:38 am\" rel=\"bookmark\"><time class=\"wp-show-posts-entry-date published\" datetime=\"2026-04-28T09:38:12-05:00\" itemprop=\"datePublished\">28 abril, 2026<\/time><\/a>\n\t\t\t\t<\/span><\/div>\t\t\t\t\t\t<\/header><!-- .entry-header -->\n\t\t\t\t\t\t\t<div class=\"wp-show-posts-image  wpsp-image-center \">\n\t\t\t<a href=\"https:\/\/gadmuisne.gob.ec\/web\/municipio-de-muisne-continua-con-la-entrega-de-arroz-a-familias-del-recinto-bunche\/\"  title=\"MUNICIPIO DE MUISNE CONTIN\u00daA CON LA ENTREGA DE ARROZ A FAMILIAS DEL RECINTO BUNCHE\"><img loading=\"lazy\" decoding=\"async\" width=\"1600\" height=\"1066\" src=\"https:\/\/gadmuisne.gob.ec\/web\/wp-content\/uploads\/2026\/04\/684258674_894013560362864_4100953333725375113_n.jpg\" class=\"attachment-full size-full wp-post-image\" alt=\"\" itemprop=\"image\" srcset=\"https:\/\/gadmuisne.gob.ec\/web\/wp-content\/uploads\/2026\/04\/684258674_894013560362864_4100953333725375113_n.jpg 1600w, https:\/\/gadmuisne.gob.ec\/web\/wp-content\/uploads\/2026\/04\/684258674_894013560362864_4100953333725375113_n-300x200.jpg 300w, https:\/\/gadmuisne.gob.ec\/web\/wp-content\/uploads\/2026\/04\/684258674_894013560362864_4100953333725375113_n-1024x682.jpg 1024w, https:\/\/gadmuisne.gob.ec\/web\/wp-content\/uploads\/2026\/04\/684258674_894013560362864_4100953333725375113_n-768x512.jpg 768w, https:\/\/gadmuisne.gob.ec\/web\/wp-content\/uploads\/2026\/04\/684258674_894013560362864_4100953333725375113_n-1536x1023.jpg 1536w, https:\/\/gadmuisne.gob.ec\/web\/wp-content\/uploads\/2026\/04\/684258674_894013560362864_4100953333725375113_n-270x180.jpg 270w, https:\/\/gadmuisne.gob.ec\/web\/wp-content\/uploads\/2026\/04\/684258674_894013560362864_4100953333725375113_n-370x247.jpg 370w, https:\/\/gadmuisne.gob.ec\/web\/wp-content\/uploads\/2026\/04\/684258674_894013560362864_4100953333725375113_n-570x380.jpg 570w, https:\/\/gadmuisne.gob.ec\/web\/wp-content\/uploads\/2026\/04\/684258674_894013560362864_4100953333725375113_n-770x513.jpg 770w, https:\/\/gadmuisne.gob.ec\/web\/wp-content\/uploads\/2026\/04\/684258674_894013560362864_4100953333725375113_n-870x580.jpg 870w, https:\/\/gadmuisne.gob.ec\/web\/wp-content\/uploads\/2026\/04\/684258674_894013560362864_4100953333725375113_n-1170x780.jpg 1170w, https:\/\/gadmuisne.gob.ec\/web\/wp-content\/uploads\/2026\/04\/684258674_894013560362864_4100953333725375113_n-1570x1046.jpg 1570w\" sizes=\"auto, (max-width: 1600px) 100vw, 1600px\" \/><\/a>\t\t<\/div>\n\t\t\t\t\t\t\t\t<div class=\"wp-show-posts-entry-summary\" itemprop=\"text\">\n\t\t\t\t\t\t\t<p>BOLET\u00cdN DE PRENSA Nro. 21 Muisne, 28 de abril de&#8230;<\/p>\n\t\t\t\t\t\t<\/div><!-- .entry-summary -->\n\t\t\t\t\t<div class=\"wpsp-read-more\"><a title=\"MUNICIPIO DE MUISNE CONTIN\u00daA CON LA ENTREGA DE ARROZ A FAMILIAS DEL RECINTO BUNCHE\" class=\"wp-show-posts-read-more\" href=\"https:\/\/gadmuisne.gob.ec\/web\/municipio-de-muisne-continua-con-la-entrega-de-arroz-a-familias-del-recinto-bunche\/\">Leer mas<\/a><\/div><\/div><!-- wp-show-posts-inner --><\/article><article class=\" wp-show-posts-single post-21027 post type-post status-publish format-standard has-post-thumbnail hentry category-actividades category-noticias1 wpsp-col-4\" itemtype=\"http:\/\/schema.org\/CreativeWork\" itemscope><div class=\"wp-show-posts-inner\" style=\"\">\t\t\t\t\t\t<header class=\"wp-show-posts-entry-header\">\n\t\t\t\t\t\t\t<h2 class=\"wp-show-posts-entry-title\" itemprop=\"headline\"><a href=\"https:\/\/gadmuisne.gob.ec\/web\/municipio-de-muisne-continua-con-la-entrega-de-arroz-a-familias-de-la-parroquia-galera\/\" rel=\"bookmark\">MUNICIPIO DE MUISNE CONTIN\u00daA CON LA ENTREGA DE ARROZ A FAMILIAS DE LA PARROQUIA GALERA<\/a><\/h2><div class=\"wp-show-posts-entry-meta wp-show-posts-entry-meta-below-title post-meta-inline\"><span class=\"wp-show-posts-posted-on wp-show-posts-meta\">\n\t\t\t\t\t<a href=\"https:\/\/gadmuisne.gob.ec\/web\/municipio-de-muisne-continua-con-la-entrega-de-arroz-a-familias-de-la-parroquia-galera\/\" title=\"9:25 am\" rel=\"bookmark\"><time class=\"wp-show-posts-entry-date published\" datetime=\"2026-04-28T09:25:58-05:00\" itemprop=\"datePublished\">28 abril, 2026<\/time><\/a>\n\t\t\t\t<\/span><\/div>\t\t\t\t\t\t<\/header><!-- .entry-header -->\n\t\t\t\t\t\t\t<div class=\"wp-show-posts-image  wpsp-image-center \">\n\t\t\t<a href=\"https:\/\/gadmuisne.gob.ec\/web\/municipio-de-muisne-continua-con-la-entrega-de-arroz-a-familias-de-la-parroquia-galera\/\"  title=\"MUNICIPIO DE MUISNE CONTIN\u00daA CON LA ENTREGA DE ARROZ A FAMILIAS DE LA PARROQUIA GALERA\"><img loading=\"lazy\" decoding=\"async\" width=\"1218\" height=\"914\" src=\"https:\/\/gadmuisne.gob.ec\/web\/wp-content\/uploads\/2026\/04\/680894033_893536757077211_1146050098710729319_n.jpg\" class=\"attachment-full size-full wp-post-image\" alt=\"\" itemprop=\"image\" srcset=\"https:\/\/gadmuisne.gob.ec\/web\/wp-content\/uploads\/2026\/04\/680894033_893536757077211_1146050098710729319_n.jpg 1218w, https:\/\/gadmuisne.gob.ec\/web\/wp-content\/uploads\/2026\/04\/680894033_893536757077211_1146050098710729319_n-300x225.jpg 300w, https:\/\/gadmuisne.gob.ec\/web\/wp-content\/uploads\/2026\/04\/680894033_893536757077211_1146050098710729319_n-1024x768.jpg 1024w, https:\/\/gadmuisne.gob.ec\/web\/wp-content\/uploads\/2026\/04\/680894033_893536757077211_1146050098710729319_n-768x576.jpg 768w, https:\/\/gadmuisne.gob.ec\/web\/wp-content\/uploads\/2026\/04\/680894033_893536757077211_1146050098710729319_n-270x203.jpg 270w, https:\/\/gadmuisne.gob.ec\/web\/wp-content\/uploads\/2026\/04\/680894033_893536757077211_1146050098710729319_n-370x278.jpg 370w, https:\/\/gadmuisne.gob.ec\/web\/wp-content\/uploads\/2026\/04\/680894033_893536757077211_1146050098710729319_n-570x428.jpg 570w, https:\/\/gadmuisne.gob.ec\/web\/wp-content\/uploads\/2026\/04\/680894033_893536757077211_1146050098710729319_n-770x578.jpg 770w, https:\/\/gadmuisne.gob.ec\/web\/wp-content\/uploads\/2026\/04\/680894033_893536757077211_1146050098710729319_n-870x653.jpg 870w, https:\/\/gadmuisne.gob.ec\/web\/wp-content\/uploads\/2026\/04\/680894033_893536757077211_1146050098710729319_n-1170x878.jpg 1170w\" sizes=\"auto, (max-width: 1218px) 100vw, 1218px\" \/><\/a>\t\t<\/div>\n\t\t\t\t\t\t\t\t<div class=\"wp-show-posts-entry-summary\" itemprop=\"text\">\n\t\t\t\t\t\t\t<p>BOLET\u00cdN DE PRENSA Nro.20 Muisne, 28 de abril de 2026&#8230;<\/p>\n\t\t\t\t\t\t<\/div><!-- .entry-summary -->\n\t\t\t\t\t<div class=\"wpsp-read-more\"><a title=\"MUNICIPIO DE MUISNE CONTIN\u00daA CON LA ENTREGA DE ARROZ A FAMILIAS DE LA PARROQUIA GALERA\" class=\"wp-show-posts-read-more\" href=\"https:\/\/gadmuisne.gob.ec\/web\/municipio-de-muisne-continua-con-la-entrega-de-arroz-a-familias-de-la-parroquia-galera\/\">Leer mas<\/a><\/div><\/div><!-- wp-show-posts-inner --><\/article><article class=\" wp-show-posts-single post-21021 post type-post status-publish format-standard has-post-thumbnail hentry category-actividades category-noticias1 wpsp-col-4\" itemtype=\"http:\/\/schema.org\/CreativeWork\" itemscope><div class=\"wp-show-posts-inner\" style=\"\">\t\t\t\t\t\t<header class=\"wp-show-posts-entry-header\">\n\t\t\t\t\t\t\t<h2 class=\"wp-show-posts-entry-title\" itemprop=\"headline\"><a href=\"https:\/\/gadmuisne.gob.ec\/web\/presidenta-de-la-ame-yuri-colorado-y-secretario-juridico-de-la-presidencia-articulan-acciones-por-el-desarrollo-municipal\/\" rel=\"bookmark\">PRESIDENTA DE LA AME, YURI COLORADO, Y SECRETARIO JUR\u00cdDICO DE LA PRESIDENCIA ARTICULAN ACCIONES POR EL DESARROLLO MUNICIPAL<\/a><\/h2><div class=\"wp-show-posts-entry-meta wp-show-posts-entry-meta-below-title post-meta-inline\"><span class=\"wp-show-posts-posted-on wp-show-posts-meta\">\n\t\t\t\t\t<a href=\"https:\/\/gadmuisne.gob.ec\/web\/presidenta-de-la-ame-yuri-colorado-y-secretario-juridico-de-la-presidencia-articulan-acciones-por-el-desarrollo-municipal\/\" title=\"2:30 pm\" rel=\"bookmark\"><time class=\"wp-show-posts-entry-date published\" datetime=\"2026-04-27T14:30:47-05:00\" itemprop=\"datePublished\">27 abril, 2026<\/time><\/a>\n\t\t\t\t<\/span><\/div>\t\t\t\t\t\t<\/header><!-- .entry-header -->\n\t\t\t\t\t\t\t<div class=\"wp-show-posts-image  wpsp-image-center \">\n\t\t\t<a href=\"https:\/\/gadmuisne.gob.ec\/web\/presidenta-de-la-ame-yuri-colorado-y-secretario-juridico-de-la-presidencia-articulan-acciones-por-el-desarrollo-municipal\/\"  title=\"PRESIDENTA DE LA AME, YURI COLORADO, Y SECRETARIO JUR\u00cdDICO DE LA PRESIDENCIA ARTICULAN ACCIONES POR EL DESARROLLO MUNICIPAL\"><img loading=\"lazy\" decoding=\"async\" width=\"900\" height=\"1600\" src=\"https:\/\/gadmuisne.gob.ec\/web\/wp-content\/uploads\/2026\/04\/680496455_1386877626819597_761667250965107295_n.jpg\" class=\"attachment-full size-full wp-post-image\" alt=\"\" itemprop=\"image\" srcset=\"https:\/\/gadmuisne.gob.ec\/web\/wp-content\/uploads\/2026\/04\/680496455_1386877626819597_761667250965107295_n.jpg 900w, https:\/\/gadmuisne.gob.ec\/web\/wp-content\/uploads\/2026\/04\/680496455_1386877626819597_761667250965107295_n-169x300.jpg 169w, https:\/\/gadmuisne.gob.ec\/web\/wp-content\/uploads\/2026\/04\/680496455_1386877626819597_761667250965107295_n-576x1024.jpg 576w, https:\/\/gadmuisne.gob.ec\/web\/wp-content\/uploads\/2026\/04\/680496455_1386877626819597_761667250965107295_n-768x1365.jpg 768w, https:\/\/gadmuisne.gob.ec\/web\/wp-content\/uploads\/2026\/04\/680496455_1386877626819597_761667250965107295_n-864x1536.jpg 864w, https:\/\/gadmuisne.gob.ec\/web\/wp-content\/uploads\/2026\/04\/680496455_1386877626819597_761667250965107295_n-270x480.jpg 270w, https:\/\/gadmuisne.gob.ec\/web\/wp-content\/uploads\/2026\/04\/680496455_1386877626819597_761667250965107295_n-370x658.jpg 370w, https:\/\/gadmuisne.gob.ec\/web\/wp-content\/uploads\/2026\/04\/680496455_1386877626819597_761667250965107295_n-570x1013.jpg 570w, https:\/\/gadmuisne.gob.ec\/web\/wp-content\/uploads\/2026\/04\/680496455_1386877626819597_761667250965107295_n-770x1369.jpg 770w, https:\/\/gadmuisne.gob.ec\/web\/wp-content\/uploads\/2026\/04\/680496455_1386877626819597_761667250965107295_n-870x1547.jpg 870w\" sizes=\"auto, (max-width: 900px) 100vw, 900px\" \/><\/a>\t\t<\/div>\n\t\t\t\t\t\t\t\t<div class=\"wp-show-posts-entry-summary\" itemprop=\"text\">\n\t\t\t\t\t\t\t<p>BOLET\u00cdN DE PRENSA Quito, 27 de abril de 2026 PRESIDENTA&#8230;<\/p>\n\t\t\t\t\t\t<\/div><!-- .entry-summary -->\n\t\t\t\t\t<div class=\"wpsp-read-more\"><a title=\"PRESIDENTA DE LA AME, YURI COLORADO, Y SECRETARIO JUR\u00cdDICO DE LA PRESIDENCIA ARTICULAN ACCIONES POR EL DESARROLLO MUNICIPAL\" class=\"wp-show-posts-read-more\" href=\"https:\/\/gadmuisne.gob.ec\/web\/presidenta-de-la-ame-yuri-colorado-y-secretario-juridico-de-la-presidencia-articulan-acciones-por-el-desarrollo-municipal\/\">Leer mas<\/a><\/div><\/div><!-- wp-show-posts-inner --><\/article><article class=\" wp-show-posts-single post-21011 post type-post status-publish format-standard has-post-thumbnail hentry category-actividades category-noticias1 wpsp-col-4\" itemtype=\"http:\/\/schema.org\/CreativeWork\" itemscope><div class=\"wp-show-posts-inner\" style=\"\">\t\t\t\t\t\t<header class=\"wp-show-posts-entry-header\">\n\t\t\t\t\t\t\t<h2 class=\"wp-show-posts-entry-title\" itemprop=\"headline\"><a href=\"https:\/\/gadmuisne.gob.ec\/web\/boletin-de-prensa-muisne-27-de-abril-de-2026-avanza-el-mejoramiento-del-sistema-de-agua-potable-en-muisne-colocan-base-estabilizada-con-asfalto-en-sector-el-relleno-en-el-marco-del-proyecto-de-mejo\/\" rel=\"bookmark\">BOLET\u00cdN DE PRENSA Muisne, 27 de abril de 2026  AVANZA EL MEJORAMIENTO DEL SISTEMA DE AGUA POTABLE EN MUISNE: COLOCAN BASE ESTABILIZADA CON ASFALTO EN SECTOR EL RELLENO En el marco del Proyecto de Mejoramiento Integral del Sistema de Agua Potable del cant\u00f3n Muisne, el Gobierno Aut\u00f3nomo Descentralizado Municipal, liderado por la alcaldesa Yuri Colorado M\u00e1rquez, contin\u00faa ejecutando trabajos para garantizar por primera vez agua potable de calidad a las familias muisne\u00f1as.  Actualmente se cumplen con los trabajos de colocaci\u00f3n de la base estabilizada con asfalto en la l\u00ednea de conducci\u00f3n de agua potable en el sector del Relleno. Esta obra es parte fundamental del sistema que permitir\u00e1 transportar el l\u00edquido vital desde la nueva captaci\u00f3n en la comunidad de Matambal hasta la isla de Muisne.  El proyecto integral contempla la construcci\u00f3n de un c\u00e1rcamo de bombeo, instalaci\u00f3n de 3 bombas modernas y m\u00e1s de 20 kil\u00f3metros de tuber\u00eda. Con esta obra hist\u00f3rica se beneficiar\u00e1n directamente m\u00e1s de 1.500 hogares de la cabecera cantonal, poniendo fin a m\u00e1s de 100 a\u00f1os de espera por un sistema de agua potable.  La alcaldesa Yuri Colorado se\u00f1al\u00f3 que este proyecto representa un compromiso cumplido con la ciudadan\u00eda: \u201cEstamos transformando Muisne con obras que dignifican la vida. El agua potable ya no ser\u00e1 un sue\u00f1o, ser\u00e1 una realidad para nuestra gente\u201d.  El Proyecto de Mejoramiento Integral del Sistema de Agua Potable cuenta con una inversi\u00f3n que supera los USD 5.3 millones, financiados por el Gobierno Nacional a trav\u00e9s de los recursos de la Reconstrucci\u00f3n de Manab\u00ed y Esmeraldas.  Con estas acciones, la administraci\u00f3n municipal ratifica su compromiso de trabajar por el desarrollo y bienestar de los 42 mil habitantes del cant\u00f3n Muisne.<\/a><\/h2><div class=\"wp-show-posts-entry-meta wp-show-posts-entry-meta-below-title post-meta-inline\"><span class=\"wp-show-posts-posted-on wp-show-posts-meta\">\n\t\t\t\t\t<a href=\"https:\/\/gadmuisne.gob.ec\/web\/boletin-de-prensa-muisne-27-de-abril-de-2026-avanza-el-mejoramiento-del-sistema-de-agua-potable-en-muisne-colocan-base-estabilizada-con-asfalto-en-sector-el-relleno-en-el-marco-del-proyecto-de-mejo\/\" title=\"2:18 pm\" rel=\"bookmark\"><time class=\"wp-show-posts-entry-date published\" datetime=\"2026-04-27T14:18:49-05:00\" itemprop=\"datePublished\">27 abril, 2026<\/time><\/a>\n\t\t\t\t<\/span><\/div>\t\t\t\t\t\t<\/header><!-- .entry-header -->\n\t\t\t\t\t\t\t<div class=\"wp-show-posts-image  wpsp-image-center \">\n\t\t\t<a href=\"https:\/\/gadmuisne.gob.ec\/web\/boletin-de-prensa-muisne-27-de-abril-de-2026-avanza-el-mejoramiento-del-sistema-de-agua-potable-en-muisne-colocan-base-estabilizada-con-asfalto-en-sector-el-relleno-en-el-marco-del-proyecto-de-mejo\/\"  title=\"BOLET\u00cdN DE PRENSA Muisne, 27 de abril de 2026  AVANZA EL MEJORAMIENTO DEL SISTEMA DE AGUA POTABLE EN MUISNE: COLOCAN BASE ESTABILIZADA CON ASFALTO EN SECTOR EL RELLENO En el marco del Proyecto de Mejoramiento Integral del Sistema de Agua Potable del cant\u00f3n Muisne, el Gobierno Aut\u00f3nomo Descentralizado Municipal, liderado por la alcaldesa Yuri Colorado M\u00e1rquez, contin\u00faa ejecutando trabajos para garantizar por primera vez agua potable de calidad a las familias muisne\u00f1as.  Actualmente se cumplen con los trabajos de colocaci\u00f3n de la base estabilizada con asfalto en la l\u00ednea de conducci\u00f3n de agua potable en el sector del Relleno. Esta obra es parte fundamental del sistema que permitir\u00e1 transportar el l\u00edquido vital desde la nueva captaci\u00f3n en la comunidad de Matambal hasta la isla de Muisne.  El proyecto integral contempla la construcci\u00f3n de un c\u00e1rcamo de bombeo, instalaci\u00f3n de 3 bombas modernas y m\u00e1s de 20 kil\u00f3metros de tuber\u00eda. Con esta obra hist\u00f3rica se beneficiar\u00e1n directamente m\u00e1s de 1.500 hogares de la cabecera cantonal, poniendo fin a m\u00e1s de 100 a\u00f1os de espera por un sistema de agua potable.  La alcaldesa Yuri Colorado se\u00f1al\u00f3 que este proyecto representa un compromiso cumplido con la ciudadan\u00eda: \u201cEstamos transformando Muisne con obras que dignifican la vida. El agua potable ya no ser\u00e1 un sue\u00f1o, ser\u00e1 una realidad para nuestra gente\u201d.  El Proyecto de Mejoramiento Integral del Sistema de Agua Potable cuenta con una inversi\u00f3n que supera los USD 5.3 millones, financiados por el Gobierno Nacional a trav\u00e9s de los recursos de la Reconstrucci\u00f3n de Manab\u00ed y Esmeraldas.  Con estas acciones, la administraci\u00f3n municipal ratifica su compromiso de trabajar por el desarrollo y bienestar de los 42 mil habitantes del cant\u00f3n Muisne.\"><img loading=\"lazy\" decoding=\"async\" width=\"1451\" height=\"760\" src=\"https:\/\/gadmuisne.gob.ec\/web\/wp-content\/uploads\/2026\/04\/682038507_890930630671157_8986510368670658606_n-2.jpg\" class=\"attachment-full size-full wp-post-image\" alt=\"\" itemprop=\"image\" srcset=\"https:\/\/gadmuisne.gob.ec\/web\/wp-content\/uploads\/2026\/04\/682038507_890930630671157_8986510368670658606_n-2.jpg 1451w, https:\/\/gadmuisne.gob.ec\/web\/wp-content\/uploads\/2026\/04\/682038507_890930630671157_8986510368670658606_n-2-300x157.jpg 300w, https:\/\/gadmuisne.gob.ec\/web\/wp-content\/uploads\/2026\/04\/682038507_890930630671157_8986510368670658606_n-2-1024x536.jpg 1024w, https:\/\/gadmuisne.gob.ec\/web\/wp-content\/uploads\/2026\/04\/682038507_890930630671157_8986510368670658606_n-2-768x402.jpg 768w, https:\/\/gadmuisne.gob.ec\/web\/wp-content\/uploads\/2026\/04\/682038507_890930630671157_8986510368670658606_n-2-270x141.jpg 270w, https:\/\/gadmuisne.gob.ec\/web\/wp-content\/uploads\/2026\/04\/682038507_890930630671157_8986510368670658606_n-2-370x194.jpg 370w, https:\/\/gadmuisne.gob.ec\/web\/wp-content\/uploads\/2026\/04\/682038507_890930630671157_8986510368670658606_n-2-570x299.jpg 570w, https:\/\/gadmuisne.gob.ec\/web\/wp-content\/uploads\/2026\/04\/682038507_890930630671157_8986510368670658606_n-2-770x403.jpg 770w, https:\/\/gadmuisne.gob.ec\/web\/wp-content\/uploads\/2026\/04\/682038507_890930630671157_8986510368670658606_n-2-870x456.jpg 870w, https:\/\/gadmuisne.gob.ec\/web\/wp-content\/uploads\/2026\/04\/682038507_890930630671157_8986510368670658606_n-2-1170x613.jpg 1170w\" sizes=\"auto, (max-width: 1451px) 100vw, 1451px\" \/><\/a>\t\t<\/div>\n\t\t\t\t\t\t\t\t<div class=\"wp-show-posts-entry-summary\" itemprop=\"text\">\n\t\t\t\t\t\t\t<p>BOLET\u00cdN DE PRENSA Muisne, 27 de abril de 2026 AVANZA&#8230;<\/p>\n\t\t\t\t\t\t<\/div><!-- .entry-summary -->\n\t\t\t\t\t<div class=\"wpsp-read-more\"><a title=\"BOLET\u00cdN DE PRENSA Muisne, 27 de abril de 2026  AVANZA EL MEJORAMIENTO DEL SISTEMA DE AGUA POTABLE EN MUISNE: COLOCAN BASE ESTABILIZADA CON ASFALTO EN SECTOR EL RELLENO En el marco del Proyecto de Mejoramiento Integral del Sistema de Agua Potable del cant\u00f3n Muisne, el Gobierno Aut\u00f3nomo Descentralizado Municipal, liderado por la alcaldesa Yuri Colorado M\u00e1rquez, contin\u00faa ejecutando trabajos para garantizar por primera vez agua potable de calidad a las familias muisne\u00f1as.  Actualmente se cumplen con los trabajos de colocaci\u00f3n de la base estabilizada con asfalto en la l\u00ednea de conducci\u00f3n de agua potable en el sector del Relleno. Esta obra es parte fundamental del sistema que permitir\u00e1 transportar el l\u00edquido vital desde la nueva captaci\u00f3n en la comunidad de Matambal hasta la isla de Muisne.  El proyecto integral contempla la construcci\u00f3n de un c\u00e1rcamo de bombeo, instalaci\u00f3n de 3 bombas modernas y m\u00e1s de 20 kil\u00f3metros de tuber\u00eda. Con esta obra hist\u00f3rica se beneficiar\u00e1n directamente m\u00e1s de 1.500 hogares de la cabecera cantonal, poniendo fin a m\u00e1s de 100 a\u00f1os de espera por un sistema de agua potable.  La alcaldesa Yuri Colorado se\u00f1al\u00f3 que este proyecto representa un compromiso cumplido con la ciudadan\u00eda: \u201cEstamos transformando Muisne con obras que dignifican la vida. El agua potable ya no ser\u00e1 un sue\u00f1o, ser\u00e1 una realidad para nuestra gente\u201d.  El Proyecto de Mejoramiento Integral del Sistema de Agua Potable cuenta con una inversi\u00f3n que supera los USD 5.3 millones, financiados por el Gobierno Nacional a trav\u00e9s de los recursos de la Reconstrucci\u00f3n de Manab\u00ed y Esmeraldas.  Con estas acciones, la administraci\u00f3n municipal ratifica su compromiso de trabajar por el desarrollo y bienestar de los 42 mil habitantes del cant\u00f3n Muisne.\" class=\"wp-show-posts-read-more\" href=\"https:\/\/gadmuisne.gob.ec\/web\/boletin-de-prensa-muisne-27-de-abril-de-2026-avanza-el-mejoramiento-del-sistema-de-agua-potable-en-muisne-colocan-base-estabilizada-con-asfalto-en-sector-el-relleno-en-el-marco-del-proyecto-de-mejo\/\">Leer mas<\/a><\/div><\/div><!-- wp-show-posts-inner --><\/article><article class=\" wp-show-posts-single post-21005 post type-post status-publish format-standard has-post-thumbnail hentry category-actividades category-noticias1 wpsp-col-4\" itemtype=\"http:\/\/schema.org\/CreativeWork\" itemscope><div class=\"wp-show-posts-inner\" style=\"\">\t\t\t\t\t\t<header class=\"wp-show-posts-entry-header\">\n\t\t\t\t\t\t\t<div class=\"wp-show-posts-entry-meta wp-show-posts-entry-meta-below-title post-meta-inline\"><span class=\"wp-show-posts-posted-on wp-show-posts-meta\">\n\t\t\t\t\t<a href=\"https:\/\/gadmuisne.gob.ec\/web\/21005-2\/\" title=\"2:42 pm\" rel=\"bookmark\"><time class=\"wp-show-posts-entry-date published\" datetime=\"2026-04-24T14:42:02-05:00\" itemprop=\"datePublished\">24 abril, 2026<\/time><\/a>\n\t\t\t\t<\/span><\/div>\t\t\t\t\t\t<\/header><!-- .entry-header -->\n\t\t\t\t\t\t\t<div class=\"wp-show-posts-image  wpsp-image-center \">\n\t\t\t<a href=\"https:\/\/gadmuisne.gob.ec\/web\/21005-2\/\"  title=\"\"><img loading=\"lazy\" decoding=\"async\" width=\"2048\" height=\"1369\" src=\"https:\/\/gadmuisne.gob.ec\/web\/wp-content\/uploads\/2026\/04\/681443202_1384187210421972_8498797191524930011_n.jpg\" class=\"attachment-full size-full wp-post-image\" alt=\"\" itemprop=\"image\" srcset=\"https:\/\/gadmuisne.gob.ec\/web\/wp-content\/uploads\/2026\/04\/681443202_1384187210421972_8498797191524930011_n.jpg 2048w, https:\/\/gadmuisne.gob.ec\/web\/wp-content\/uploads\/2026\/04\/681443202_1384187210421972_8498797191524930011_n-300x201.jpg 300w, https:\/\/gadmuisne.gob.ec\/web\/wp-content\/uploads\/2026\/04\/681443202_1384187210421972_8498797191524930011_n-1024x685.jpg 1024w, https:\/\/gadmuisne.gob.ec\/web\/wp-content\/uploads\/2026\/04\/681443202_1384187210421972_8498797191524930011_n-768x513.jpg 768w, https:\/\/gadmuisne.gob.ec\/web\/wp-content\/uploads\/2026\/04\/681443202_1384187210421972_8498797191524930011_n-1536x1027.jpg 1536w, https:\/\/gadmuisne.gob.ec\/web\/wp-content\/uploads\/2026\/04\/681443202_1384187210421972_8498797191524930011_n-270x180.jpg 270w, https:\/\/gadmuisne.gob.ec\/web\/wp-content\/uploads\/2026\/04\/681443202_1384187210421972_8498797191524930011_n-370x247.jpg 370w, https:\/\/gadmuisne.gob.ec\/web\/wp-content\/uploads\/2026\/04\/681443202_1384187210421972_8498797191524930011_n-570x381.jpg 570w, https:\/\/gadmuisne.gob.ec\/web\/wp-content\/uploads\/2026\/04\/681443202_1384187210421972_8498797191524930011_n-770x515.jpg 770w, https:\/\/gadmuisne.gob.ec\/web\/wp-content\/uploads\/2026\/04\/681443202_1384187210421972_8498797191524930011_n-870x582.jpg 870w, https:\/\/gadmuisne.gob.ec\/web\/wp-content\/uploads\/2026\/04\/681443202_1384187210421972_8498797191524930011_n-1170x782.jpg 1170w, https:\/\/gadmuisne.gob.ec\/web\/wp-content\/uploads\/2026\/04\/681443202_1384187210421972_8498797191524930011_n-1570x1049.jpg 1570w\" sizes=\"auto, (max-width: 2048px) 100vw, 2048px\" \/><\/a>\t\t<\/div>\n\t\t\t\t\t\t\t\t<div class=\"wp-show-posts-entry-summary\" itemprop=\"text\">\n\t\t\t\t\t\t\t<p>BOLET\u00cdN DE PRENSA Nro. 18 Muisne, Esmeraldas \u2013 24 de&#8230;<\/p>\n\t\t\t\t\t\t<\/div><!-- .entry-summary -->\n\t\t\t\t\t<div class=\"wpsp-read-more\"><a title=\"\" class=\"wp-show-posts-read-more\" href=\"https:\/\/gadmuisne.gob.ec\/web\/21005-2\/\">Leer mas<\/a><\/div><\/div><!-- wp-show-posts-inner --><\/article><article class=\" wp-show-posts-single post-20992 post type-post status-publish format-standard has-post-thumbnail hentry category-actividades category-noticias1 wpsp-col-4\" itemtype=\"http:\/\/schema.org\/CreativeWork\" itemscope><div class=\"wp-show-posts-inner\" style=\"\">\t\t\t\t\t\t<header class=\"wp-show-posts-entry-header\">\n\t\t\t\t\t\t\t<h2 class=\"wp-show-posts-entry-title\" itemprop=\"headline\"><a href=\"https:\/\/gadmuisne.gob.ec\/web\/alcaldia-de-muisne-entrega-kits-de-arroz-a-familias-de-la-parroquia-bolivar\/\" rel=\"bookmark\">Alcald\u00eda de Muisne entrega kits de arroz a familias de la parroquia Bol\u00edvar<\/a><\/h2><div class=\"wp-show-posts-entry-meta wp-show-posts-entry-meta-below-title post-meta-inline\"><span class=\"wp-show-posts-posted-on wp-show-posts-meta\">\n\t\t\t\t\t<a href=\"https:\/\/gadmuisne.gob.ec\/web\/alcaldia-de-muisne-entrega-kits-de-arroz-a-familias-de-la-parroquia-bolivar\/\" title=\"11:22 am\" rel=\"bookmark\"><time class=\"wp-show-posts-entry-date published\" datetime=\"2026-04-24T11:22:13-05:00\" itemprop=\"datePublished\">24 abril, 2026<\/time><\/a>\n\t\t\t\t<\/span><\/div>\t\t\t\t\t\t<\/header><!-- .entry-header -->\n\t\t\t\t\t\t\t<div class=\"wp-show-posts-image  wpsp-image-center \">\n\t\t\t<a href=\"https:\/\/gadmuisne.gob.ec\/web\/alcaldia-de-muisne-entrega-kits-de-arroz-a-familias-de-la-parroquia-bolivar\/\"  title=\"Alcald\u00eda de Muisne entrega kits de arroz a familias de la parroquia Bol\u00edvar\"><img loading=\"lazy\" decoding=\"async\" width=\"1280\" height=\"960\" src=\"https:\/\/gadmuisne.gob.ec\/web\/wp-content\/uploads\/2026\/04\/679847158_890729090691311_6991769883119522242_n.jpg\" class=\"attachment-full size-full wp-post-image\" alt=\"\" itemprop=\"image\" srcset=\"https:\/\/gadmuisne.gob.ec\/web\/wp-content\/uploads\/2026\/04\/679847158_890729090691311_6991769883119522242_n.jpg 1280w, https:\/\/gadmuisne.gob.ec\/web\/wp-content\/uploads\/2026\/04\/679847158_890729090691311_6991769883119522242_n-300x225.jpg 300w, https:\/\/gadmuisne.gob.ec\/web\/wp-content\/uploads\/2026\/04\/679847158_890729090691311_6991769883119522242_n-1024x768.jpg 1024w, https:\/\/gadmuisne.gob.ec\/web\/wp-content\/uploads\/2026\/04\/679847158_890729090691311_6991769883119522242_n-768x576.jpg 768w, https:\/\/gadmuisne.gob.ec\/web\/wp-content\/uploads\/2026\/04\/679847158_890729090691311_6991769883119522242_n-270x203.jpg 270w, https:\/\/gadmuisne.gob.ec\/web\/wp-content\/uploads\/2026\/04\/679847158_890729090691311_6991769883119522242_n-370x278.jpg 370w, https:\/\/gadmuisne.gob.ec\/web\/wp-content\/uploads\/2026\/04\/679847158_890729090691311_6991769883119522242_n-570x428.jpg 570w, https:\/\/gadmuisne.gob.ec\/web\/wp-content\/uploads\/2026\/04\/679847158_890729090691311_6991769883119522242_n-770x578.jpg 770w, https:\/\/gadmuisne.gob.ec\/web\/wp-content\/uploads\/2026\/04\/679847158_890729090691311_6991769883119522242_n-870x653.jpg 870w, https:\/\/gadmuisne.gob.ec\/web\/wp-content\/uploads\/2026\/04\/679847158_890729090691311_6991769883119522242_n-1170x878.jpg 1170w\" sizes=\"auto, (max-width: 1280px) 100vw, 1280px\" \/><\/a>\t\t<\/div>\n\t\t\t\t\t\t\t\t<div class=\"wp-show-posts-entry-summary\" itemprop=\"text\">\n\t\t\t\t\t\t\t<p>BOLET\u00cdN DE PRENSA Nro. 17 Muisne, 24 de abril de&#8230;<\/p>\n\t\t\t\t\t\t<\/div><!-- .entry-summary -->\n\t\t\t\t\t<div class=\"wpsp-read-more\"><a title=\"Alcald\u00eda de Muisne entrega kits de arroz a familias de la parroquia Bol\u00edvar\" class=\"wp-show-posts-read-more\" href=\"https:\/\/gadmuisne.gob.ec\/web\/alcaldia-de-muisne-entrega-kits-de-arroz-a-familias-de-la-parroquia-bolivar\/\">Leer mas<\/a><\/div><\/div><!-- wp-show-posts-inner --><\/article><article class=\" wp-show-posts-single post-20985 post type-post status-publish format-standard has-post-thumbnail hentry category-actividades category-noticias1 wpsp-col-4\" itemtype=\"http:\/\/schema.org\/CreativeWork\" itemscope><div class=\"wp-show-posts-inner\" style=\"\">\t\t\t\t\t\t<header class=\"wp-show-posts-entry-header\">\n\t\t\t\t\t\t\t<h2 class=\"wp-show-posts-entry-title\" itemprop=\"headline\"><a href=\"https:\/\/gadmuisne.gob.ec\/web\/alcaldia-de-muisne-repotencia-luminarias-en-cancha-de-bellavista-parroquia-daule\/\" rel=\"bookmark\">Alcald\u00eda de Muisne repotencia luminarias en cancha de Bellavista, parroquia Daule<\/a><\/h2><div class=\"wp-show-posts-entry-meta wp-show-posts-entry-meta-below-title post-meta-inline\"><span class=\"wp-show-posts-posted-on wp-show-posts-meta\">\n\t\t\t\t\t<a href=\"https:\/\/gadmuisne.gob.ec\/web\/alcaldia-de-muisne-repotencia-luminarias-en-cancha-de-bellavista-parroquia-daule\/\" title=\"10:22 am\" rel=\"bookmark\"><time class=\"wp-show-posts-entry-date published\" datetime=\"2026-04-24T10:22:05-05:00\" itemprop=\"datePublished\">24 abril, 2026<\/time><time class=\"wp-show-posts-updated\" datetime=\"2026-04-24T11:10:16-05:00\" itemprop=\"dateModified\">24 abril, 2026<\/time><\/a>\n\t\t\t\t<\/span><\/div>\t\t\t\t\t\t<\/header><!-- .entry-header -->\n\t\t\t\t\t\t\t<div class=\"wp-show-posts-image  wpsp-image-center \">\n\t\t\t<a href=\"https:\/\/gadmuisne.gob.ec\/web\/alcaldia-de-muisne-repotencia-luminarias-en-cancha-de-bellavista-parroquia-daule\/\"  title=\"Alcald\u00eda de Muisne repotencia luminarias en cancha de Bellavista, parroquia Daule\"><img loading=\"lazy\" decoding=\"async\" width=\"1168\" height=\"880\" src=\"https:\/\/gadmuisne.gob.ec\/web\/wp-content\/uploads\/2026\/04\/681031993_890688587362028_8792877267208484452_n.jpg\" class=\"attachment-full size-full wp-post-image\" alt=\"\" itemprop=\"image\" srcset=\"https:\/\/gadmuisne.gob.ec\/web\/wp-content\/uploads\/2026\/04\/681031993_890688587362028_8792877267208484452_n.jpg 1168w, https:\/\/gadmuisne.gob.ec\/web\/wp-content\/uploads\/2026\/04\/681031993_890688587362028_8792877267208484452_n-300x226.jpg 300w, https:\/\/gadmuisne.gob.ec\/web\/wp-content\/uploads\/2026\/04\/681031993_890688587362028_8792877267208484452_n-1024x772.jpg 1024w, https:\/\/gadmuisne.gob.ec\/web\/wp-content\/uploads\/2026\/04\/681031993_890688587362028_8792877267208484452_n-768x579.jpg 768w, https:\/\/gadmuisne.gob.ec\/web\/wp-content\/uploads\/2026\/04\/681031993_890688587362028_8792877267208484452_n-270x203.jpg 270w, https:\/\/gadmuisne.gob.ec\/web\/wp-content\/uploads\/2026\/04\/681031993_890688587362028_8792877267208484452_n-370x279.jpg 370w, https:\/\/gadmuisne.gob.ec\/web\/wp-content\/uploads\/2026\/04\/681031993_890688587362028_8792877267208484452_n-570x429.jpg 570w, https:\/\/gadmuisne.gob.ec\/web\/wp-content\/uploads\/2026\/04\/681031993_890688587362028_8792877267208484452_n-770x580.jpg 770w, https:\/\/gadmuisne.gob.ec\/web\/wp-content\/uploads\/2026\/04\/681031993_890688587362028_8792877267208484452_n-870x655.jpg 870w\" sizes=\"auto, (max-width: 1168px) 100vw, 1168px\" \/><\/a>\t\t<\/div>\n\t\t\t\t\t\t\t\t<div class=\"wp-show-posts-entry-summary\" itemprop=\"text\">\n\t\t\t\t\t\t\t<p>BOLET\u00cdN DE PRENSA Nro. 16 Muisne, 23 de abril de&#8230;<\/p>\n\t\t\t\t\t\t<\/div><!-- .entry-summary -->\n\t\t\t\t\t<div class=\"wpsp-read-more\"><a title=\"Alcald\u00eda de Muisne repotencia luminarias en cancha de Bellavista, parroquia Daule\" class=\"wp-show-posts-read-more\" href=\"https:\/\/gadmuisne.gob.ec\/web\/alcaldia-de-muisne-repotencia-luminarias-en-cancha-de-bellavista-parroquia-daule\/\">Leer mas<\/a><\/div><\/div><!-- wp-show-posts-inner --><\/article><article class=\" wp-show-posts-single post-20974 post type-post status-publish format-standard has-post-thumbnail hentry category-actividades category-noticias1 wpsp-col-4\" itemtype=\"http:\/\/schema.org\/CreativeWork\" itemscope><div class=\"wp-show-posts-inner\" style=\"\">\t\t\t\t\t\t<header class=\"wp-show-posts-entry-header\">\n\t\t\t\t\t\t\t<h2 class=\"wp-show-posts-entry-title\" itemprop=\"headline\"><a href=\"https:\/\/gadmuisne.gob.ec\/web\/alcaldia-de-muisne-entrego-arroz-a-familias-vulnerables-de-san-gregorio\/\" rel=\"bookmark\">Alcald\u00eda de Muisne entreg\u00f3 arroz a familias vulnerables de San Gregorio<\/a><\/h2><div class=\"wp-show-posts-entry-meta wp-show-posts-entry-meta-below-title post-meta-inline\"><span class=\"wp-show-posts-posted-on wp-show-posts-meta\">\n\t\t\t\t\t<a href=\"https:\/\/gadmuisne.gob.ec\/web\/alcaldia-de-muisne-entrego-arroz-a-familias-vulnerables-de-san-gregorio\/\" title=\"2:26 pm\" rel=\"bookmark\"><time class=\"wp-show-posts-entry-date published\" datetime=\"2026-04-23T14:26:43-05:00\" itemprop=\"datePublished\">23 abril, 2026<\/time><\/a>\n\t\t\t\t<\/span><\/div>\t\t\t\t\t\t<\/header><!-- .entry-header -->\n\t\t\t\t\t\t\t<div class=\"wp-show-posts-image  wpsp-image-center \">\n\t\t\t<a href=\"https:\/\/gadmuisne.gob.ec\/web\/alcaldia-de-muisne-entrego-arroz-a-familias-vulnerables-de-san-gregorio\/\"  title=\"Alcald\u00eda de Muisne entreg\u00f3 arroz a familias vulnerables de San Gregorio\"><img loading=\"lazy\" decoding=\"async\" width=\"1600\" height=\"900\" src=\"https:\/\/gadmuisne.gob.ec\/web\/wp-content\/uploads\/2026\/04\/678335564_889939657436921_4105547185310416894_n.jpg\" class=\"attachment-full size-full wp-post-image\" alt=\"\" itemprop=\"image\" srcset=\"https:\/\/gadmuisne.gob.ec\/web\/wp-content\/uploads\/2026\/04\/678335564_889939657436921_4105547185310416894_n.jpg 1600w, https:\/\/gadmuisne.gob.ec\/web\/wp-content\/uploads\/2026\/04\/678335564_889939657436921_4105547185310416894_n-300x169.jpg 300w, https:\/\/gadmuisne.gob.ec\/web\/wp-content\/uploads\/2026\/04\/678335564_889939657436921_4105547185310416894_n-1024x576.jpg 1024w, https:\/\/gadmuisne.gob.ec\/web\/wp-content\/uploads\/2026\/04\/678335564_889939657436921_4105547185310416894_n-768x432.jpg 768w, https:\/\/gadmuisne.gob.ec\/web\/wp-content\/uploads\/2026\/04\/678335564_889939657436921_4105547185310416894_n-1536x864.jpg 1536w, https:\/\/gadmuisne.gob.ec\/web\/wp-content\/uploads\/2026\/04\/678335564_889939657436921_4105547185310416894_n-270x152.jpg 270w, https:\/\/gadmuisne.gob.ec\/web\/wp-content\/uploads\/2026\/04\/678335564_889939657436921_4105547185310416894_n-370x208.jpg 370w, https:\/\/gadmuisne.gob.ec\/web\/wp-content\/uploads\/2026\/04\/678335564_889939657436921_4105547185310416894_n-570x321.jpg 570w, https:\/\/gadmuisne.gob.ec\/web\/wp-content\/uploads\/2026\/04\/678335564_889939657436921_4105547185310416894_n-770x433.jpg 770w, https:\/\/gadmuisne.gob.ec\/web\/wp-content\/uploads\/2026\/04\/678335564_889939657436921_4105547185310416894_n-870x489.jpg 870w, https:\/\/gadmuisne.gob.ec\/web\/wp-content\/uploads\/2026\/04\/678335564_889939657436921_4105547185310416894_n-1170x658.jpg 1170w, https:\/\/gadmuisne.gob.ec\/web\/wp-content\/uploads\/2026\/04\/678335564_889939657436921_4105547185310416894_n-1570x883.jpg 1570w\" sizes=\"auto, (max-width: 1600px) 100vw, 1600px\" \/><\/a>\t\t<\/div>\n\t\t\t\t\t\t\t\t<div class=\"wp-show-posts-entry-summary\" itemprop=\"text\">\n\t\t\t\t\t\t\t<p>BOLET\u00cdN DE PRENSA \u2013 WEB INSTITUCIONAL Muisne, 23 de abril&#8230;<\/p>\n\t\t\t\t\t\t<\/div><!-- .entry-summary -->\n\t\t\t\t\t<div class=\"wpsp-read-more\"><a title=\"Alcald\u00eda de Muisne entreg\u00f3 arroz a familias vulnerables de San Gregorio\" class=\"wp-show-posts-read-more\" href=\"https:\/\/gadmuisne.gob.ec\/web\/alcaldia-de-muisne-entrego-arroz-a-familias-vulnerables-de-san-gregorio\/\">Leer mas<\/a><\/div><\/div><!-- wp-show-posts-inner --><\/article><article class=\" wp-show-posts-single post-20967 post type-post status-publish format-standard has-post-thumbnail hentry category-actividades category-noticias1 wpsp-col-4\" itemtype=\"http:\/\/schema.org\/CreativeWork\" itemscope><div class=\"wp-show-posts-inner\" style=\"\">\t\t\t\t\t\t<header class=\"wp-show-posts-entry-header\">\n\t\t\t\t\t\t\t<h2 class=\"wp-show-posts-entry-title\" itemprop=\"headline\"><a href=\"https:\/\/gadmuisne.gob.ec\/web\/alcaldia-de-muisne-continua-con-la-entrega-de-arroz-a-familias-de-san-gregorio\/\" rel=\"bookmark\">Alcald\u00eda de Muisne contin\u00faa con la entrega de arroz a familias de San Gregorio<\/a><\/h2><div class=\"wp-show-posts-entry-meta wp-show-posts-entry-meta-below-title post-meta-inline\"><span class=\"wp-show-posts-posted-on wp-show-posts-meta\">\n\t\t\t\t\t<a href=\"https:\/\/gadmuisne.gob.ec\/web\/alcaldia-de-muisne-continua-con-la-entrega-de-arroz-a-familias-de-san-gregorio\/\" title=\"11:44 am\" rel=\"bookmark\"><time class=\"wp-show-posts-entry-date published\" datetime=\"2026-04-23T11:44:01-05:00\" itemprop=\"datePublished\">23 abril, 2026<\/time><time class=\"wp-show-posts-updated\" datetime=\"2026-04-23T11:44:54-05:00\" itemprop=\"dateModified\">23 abril, 2026<\/time><\/a>\n\t\t\t\t<\/span><\/div>\t\t\t\t\t\t<\/header><!-- .entry-header -->\n\t\t\t\t\t\t\t<div class=\"wp-show-posts-image  wpsp-image-center \">\n\t\t\t<a href=\"https:\/\/gadmuisne.gob.ec\/web\/alcaldia-de-muisne-continua-con-la-entrega-de-arroz-a-familias-de-san-gregorio\/\"  title=\"Alcald\u00eda de Muisne contin\u00faa con la entrega de arroz a familias de San Gregorio\"><img loading=\"lazy\" decoding=\"async\" width=\"1600\" height=\"900\" src=\"https:\/\/gadmuisne.gob.ec\/web\/wp-content\/uploads\/2026\/04\/679381699_889878677443019_1010357141795155965_n.jpg\" class=\"attachment-full size-full wp-post-image\" alt=\"\" itemprop=\"image\" srcset=\"https:\/\/gadmuisne.gob.ec\/web\/wp-content\/uploads\/2026\/04\/679381699_889878677443019_1010357141795155965_n.jpg 1600w, https:\/\/gadmuisne.gob.ec\/web\/wp-content\/uploads\/2026\/04\/679381699_889878677443019_1010357141795155965_n-300x169.jpg 300w, https:\/\/gadmuisne.gob.ec\/web\/wp-content\/uploads\/2026\/04\/679381699_889878677443019_1010357141795155965_n-1024x576.jpg 1024w, https:\/\/gadmuisne.gob.ec\/web\/wp-content\/uploads\/2026\/04\/679381699_889878677443019_1010357141795155965_n-768x432.jpg 768w, https:\/\/gadmuisne.gob.ec\/web\/wp-content\/uploads\/2026\/04\/679381699_889878677443019_1010357141795155965_n-1536x864.jpg 1536w, https:\/\/gadmuisne.gob.ec\/web\/wp-content\/uploads\/2026\/04\/679381699_889878677443019_1010357141795155965_n-270x152.jpg 270w, https:\/\/gadmuisne.gob.ec\/web\/wp-content\/uploads\/2026\/04\/679381699_889878677443019_1010357141795155965_n-370x208.jpg 370w, https:\/\/gadmuisne.gob.ec\/web\/wp-content\/uploads\/2026\/04\/679381699_889878677443019_1010357141795155965_n-570x321.jpg 570w, https:\/\/gadmuisne.gob.ec\/web\/wp-content\/uploads\/2026\/04\/679381699_889878677443019_1010357141795155965_n-770x433.jpg 770w, https:\/\/gadmuisne.gob.ec\/web\/wp-content\/uploads\/2026\/04\/679381699_889878677443019_1010357141795155965_n-870x489.jpg 870w, https:\/\/gadmuisne.gob.ec\/web\/wp-content\/uploads\/2026\/04\/679381699_889878677443019_1010357141795155965_n-1170x658.jpg 1170w, https:\/\/gadmuisne.gob.ec\/web\/wp-content\/uploads\/2026\/04\/679381699_889878677443019_1010357141795155965_n-1570x883.jpg 1570w\" sizes=\"auto, (max-width: 1600px) 100vw, 1600px\" \/><\/a>\t\t<\/div>\n\t\t\t\t\t\t\t\t<div class=\"wp-show-posts-entry-summary\" itemprop=\"text\">\n\t\t\t\t\t\t\t<p>BOLET\u00cdN DE PRENSA Nro.15 Muisne, 23 de abril de 2026&#8230;<\/p>\n\t\t\t\t\t\t<\/div><!-- .entry-summary -->\n\t\t\t\t\t<div class=\"wpsp-read-more\"><a title=\"Alcald\u00eda de Muisne contin\u00faa con la entrega de arroz a familias de San Gregorio\" class=\"wp-show-posts-read-more\" href=\"https:\/\/gadmuisne.gob.ec\/web\/alcaldia-de-muisne-continua-con-la-entrega-de-arroz-a-familias-de-san-gregorio\/\">Leer mas<\/a><\/div><\/div><!-- wp-show-posts-inner --><\/article><article class=\" wp-show-posts-single post-20959 post type-post status-publish format-standard has-post-thumbnail hentry category-actividades category-noticias1 wpsp-col-4\" itemtype=\"http:\/\/schema.org\/CreativeWork\" itemscope><div class=\"wp-show-posts-inner\" style=\"\">\t\t\t\t\t\t<header class=\"wp-show-posts-entry-header\">\n\t\t\t\t\t\t\t<h2 class=\"wp-show-posts-entry-title\" itemprop=\"headline\"><a href=\"https:\/\/gadmuisne.gob.ec\/web\/continuamos-con-la-entrega-de-arroz-a-familias-de-la-parroquia-daule\/\" rel=\"bookmark\">Continuamos con la entrega de arroz a familias de la parroquia #Daule<\/a><\/h2><div class=\"wp-show-posts-entry-meta wp-show-posts-entry-meta-below-title post-meta-inline\"><span class=\"wp-show-posts-posted-on wp-show-posts-meta\">\n\t\t\t\t\t<a href=\"https:\/\/gadmuisne.gob.ec\/web\/continuamos-con-la-entrega-de-arroz-a-familias-de-la-parroquia-daule\/\" title=\"9:45 am\" rel=\"bookmark\"><time class=\"wp-show-posts-entry-date published\" datetime=\"2026-04-23T09:45:46-05:00\" itemprop=\"datePublished\">23 abril, 2026<\/time><\/a>\n\t\t\t\t<\/span><\/div>\t\t\t\t\t\t<\/header><!-- .entry-header -->\n\t\t\t\t\t\t\t<div class=\"wp-show-posts-image  wpsp-image-center \">\n\t\t\t<a href=\"https:\/\/gadmuisne.gob.ec\/web\/continuamos-con-la-entrega-de-arroz-a-familias-de-la-parroquia-daule\/\"  title=\"Continuamos con la entrega de arroz a familias de la parroquia #Daule\"><img loading=\"lazy\" decoding=\"async\" width=\"1280\" height=\"671\" src=\"https:\/\/gadmuisne.gob.ec\/web\/wp-content\/uploads\/2026\/04\/679130802_889841040780116_3351872836861893592_n-1.jpg\" class=\"attachment-full size-full wp-post-image\" alt=\"\" itemprop=\"image\" srcset=\"https:\/\/gadmuisne.gob.ec\/web\/wp-content\/uploads\/2026\/04\/679130802_889841040780116_3351872836861893592_n-1.jpg 1280w, https:\/\/gadmuisne.gob.ec\/web\/wp-content\/uploads\/2026\/04\/679130802_889841040780116_3351872836861893592_n-1-300x157.jpg 300w, https:\/\/gadmuisne.gob.ec\/web\/wp-content\/uploads\/2026\/04\/679130802_889841040780116_3351872836861893592_n-1-1024x537.jpg 1024w, https:\/\/gadmuisne.gob.ec\/web\/wp-content\/uploads\/2026\/04\/679130802_889841040780116_3351872836861893592_n-1-768x403.jpg 768w, https:\/\/gadmuisne.gob.ec\/web\/wp-content\/uploads\/2026\/04\/679130802_889841040780116_3351872836861893592_n-1-270x142.jpg 270w, https:\/\/gadmuisne.gob.ec\/web\/wp-content\/uploads\/2026\/04\/679130802_889841040780116_3351872836861893592_n-1-370x194.jpg 370w, https:\/\/gadmuisne.gob.ec\/web\/wp-content\/uploads\/2026\/04\/679130802_889841040780116_3351872836861893592_n-1-570x299.jpg 570w, https:\/\/gadmuisne.gob.ec\/web\/wp-content\/uploads\/2026\/04\/679130802_889841040780116_3351872836861893592_n-1-770x404.jpg 770w, https:\/\/gadmuisne.gob.ec\/web\/wp-content\/uploads\/2026\/04\/679130802_889841040780116_3351872836861893592_n-1-870x456.jpg 870w, https:\/\/gadmuisne.gob.ec\/web\/wp-content\/uploads\/2026\/04\/679130802_889841040780116_3351872836861893592_n-1-1170x613.jpg 1170w\" sizes=\"auto, (max-width: 1280px) 100vw, 1280px\" \/><\/a>\t\t<\/div>\n\t\t\t\t\t\t\t\t<div class=\"wp-show-posts-entry-summary\" itemprop=\"text\">\n\t\t\t\t\t\t\t<p>Continuamos con la entrega de arroz a familias de la&#8230;<\/p>\n\t\t\t\t\t\t<\/div><!-- .entry-summary -->\n\t\t\t\t\t<div class=\"wpsp-read-more\"><a title=\"Continuamos con la entrega de arroz a familias de la parroquia #Daule\" class=\"wp-show-posts-read-more\" href=\"https:\/\/gadmuisne.gob.ec\/web\/continuamos-con-la-entrega-de-arroz-a-familias-de-la-parroquia-daule\/\">Leer mas<\/a><\/div><\/div><!-- wp-show-posts-inner --><\/article><article class=\" wp-show-posts-single post-20951 post type-post status-publish format-standard has-post-thumbnail hentry category-actividades category-noticias1 wpsp-col-4\" itemtype=\"http:\/\/schema.org\/CreativeWork\" itemscope><div class=\"wp-show-posts-inner\" style=\"\">\t\t\t\t\t\t<header class=\"wp-show-posts-entry-header\">\n\t\t\t\t\t\t\t<h2 class=\"wp-show-posts-entry-title\" itemprop=\"headline\"><a href=\"https:\/\/gadmuisne.gob.ec\/web\/continuamos-con-la-entrega-de-arroz-a-familias-de-la-parroquia-salima-que-fueron-afectadas-por-fenomenos-naturales\/\" rel=\"bookmark\">continuamos con la entrega de arroz a familias de la parroquia S\u00e1lima que fueron afectadas por fen\u00f3menos naturales.<\/a><\/h2><div class=\"wp-show-posts-entry-meta wp-show-posts-entry-meta-below-title post-meta-inline\"><span class=\"wp-show-posts-posted-on wp-show-posts-meta\">\n\t\t\t\t\t<a href=\"https:\/\/gadmuisne.gob.ec\/web\/continuamos-con-la-entrega-de-arroz-a-familias-de-la-parroquia-salima-que-fueron-afectadas-por-fenomenos-naturales\/\" title=\"2:34 pm\" rel=\"bookmark\"><time class=\"wp-show-posts-entry-date published\" datetime=\"2026-04-22T14:34:58-05:00\" itemprop=\"datePublished\">22 abril, 2026<\/time><\/a>\n\t\t\t\t<\/span><\/div>\t\t\t\t\t\t<\/header><!-- .entry-header -->\n\t\t\t\t\t\t\t<div class=\"wp-show-posts-image  wpsp-image-center \">\n\t\t\t<a href=\"https:\/\/gadmuisne.gob.ec\/web\/continuamos-con-la-entrega-de-arroz-a-familias-de-la-parroquia-salima-que-fueron-afectadas-por-fenomenos-naturales\/\"  title=\"continuamos con la entrega de arroz a familias de la parroquia S\u00e1lima que fueron afectadas por fen\u00f3menos naturales.\"><img loading=\"lazy\" decoding=\"async\" width=\"1376\" height=\"826\" src=\"https:\/\/gadmuisne.gob.ec\/web\/wp-content\/uploads\/2026\/04\/677644179_889140177516869_3664541818070413235_n.jpg\" class=\"attachment-full size-full wp-post-image\" alt=\"\" itemprop=\"image\" srcset=\"https:\/\/gadmuisne.gob.ec\/web\/wp-content\/uploads\/2026\/04\/677644179_889140177516869_3664541818070413235_n.jpg 1376w, https:\/\/gadmuisne.gob.ec\/web\/wp-content\/uploads\/2026\/04\/677644179_889140177516869_3664541818070413235_n-300x180.jpg 300w, https:\/\/gadmuisne.gob.ec\/web\/wp-content\/uploads\/2026\/04\/677644179_889140177516869_3664541818070413235_n-1024x615.jpg 1024w, https:\/\/gadmuisne.gob.ec\/web\/wp-content\/uploads\/2026\/04\/677644179_889140177516869_3664541818070413235_n-768x461.jpg 768w, https:\/\/gadmuisne.gob.ec\/web\/wp-content\/uploads\/2026\/04\/677644179_889140177516869_3664541818070413235_n-270x162.jpg 270w, https:\/\/gadmuisne.gob.ec\/web\/wp-content\/uploads\/2026\/04\/677644179_889140177516869_3664541818070413235_n-370x222.jpg 370w, https:\/\/gadmuisne.gob.ec\/web\/wp-content\/uploads\/2026\/04\/677644179_889140177516869_3664541818070413235_n-570x342.jpg 570w, https:\/\/gadmuisne.gob.ec\/web\/wp-content\/uploads\/2026\/04\/677644179_889140177516869_3664541818070413235_n-770x462.jpg 770w, https:\/\/gadmuisne.gob.ec\/web\/wp-content\/uploads\/2026\/04\/677644179_889140177516869_3664541818070413235_n-870x522.jpg 870w, https:\/\/gadmuisne.gob.ec\/web\/wp-content\/uploads\/2026\/04\/677644179_889140177516869_3664541818070413235_n-1170x702.jpg 1170w\" sizes=\"auto, (max-width: 1376px) 100vw, 1376px\" \/><\/a>\t\t<\/div>\n\t\t\t\t\t\t\t\t<div class=\"wp-show-posts-entry-summary\" itemprop=\"text\">\n\t\t\t\t\t\t\t<p>Gracias al Presidente de la Rep\u00fablica Daniel Noboa Azin, el&#8230;<\/p>\n\t\t\t\t\t\t<\/div><!-- .entry-summary -->\n\t\t\t\t\t<div class=\"wpsp-read-more\"><a title=\"continuamos con la entrega de arroz a familias de la parroquia S\u00e1lima que fueron afectadas por fen\u00f3menos naturales.\" class=\"wp-show-posts-read-more\" href=\"https:\/\/gadmuisne.gob.ec\/web\/continuamos-con-la-entrega-de-arroz-a-familias-de-la-parroquia-salima-que-fueron-afectadas-por-fenomenos-naturales\/\">Leer mas<\/a><\/div><\/div><!-- wp-show-posts-inner --><\/article><article class=\" wp-show-posts-single post-20948 post type-post status-publish format-standard has-post-thumbnail hentry category-actividades category-noticias1 wpsp-col-4\" itemtype=\"http:\/\/schema.org\/CreativeWork\" itemscope><div class=\"wp-show-posts-inner\" style=\"\">\t\t\t\t\t\t<header class=\"wp-show-posts-entry-header\">\n\t\t\t\t\t\t\t<h2 class=\"wp-show-posts-entry-title\" itemprop=\"headline\"><a href=\"https:\/\/gadmuisne.gob.ec\/web\/en-este-dia-de-la-tierra-renovamos-el-compromiso-de-proteger-nuestra-biodiversidad-para-las-futuras-generaciones\/\" rel=\"bookmark\">En este D\u00eda de la Tierra, renovamos el compromiso de proteger nuestra biodiversidad para las futuras generaciones.<\/a><\/h2><div class=\"wp-show-posts-entry-meta wp-show-posts-entry-meta-below-title post-meta-inline\"><span class=\"wp-show-posts-posted-on wp-show-posts-meta\">\n\t\t\t\t\t<a href=\"https:\/\/gadmuisne.gob.ec\/web\/en-este-dia-de-la-tierra-renovamos-el-compromiso-de-proteger-nuestra-biodiversidad-para-las-futuras-generaciones\/\" title=\"12:31 pm\" rel=\"bookmark\"><time class=\"wp-show-posts-entry-date published\" datetime=\"2026-04-22T12:31:05-05:00\" itemprop=\"datePublished\">22 abril, 2026<\/time><time class=\"wp-show-posts-updated\" datetime=\"2026-04-22T12:31:35-05:00\" itemprop=\"dateModified\">22 abril, 2026<\/time><\/a>\n\t\t\t\t<\/span><\/div>\t\t\t\t\t\t<\/header><!-- .entry-header -->\n\t\t\t\t\t\t\t<div class=\"wp-show-posts-image  wpsp-image-center \">\n\t\t\t<a href=\"https:\/\/gadmuisne.gob.ec\/web\/en-este-dia-de-la-tierra-renovamos-el-compromiso-de-proteger-nuestra-biodiversidad-para-las-futuras-generaciones\/\"  title=\"En este D\u00eda de la Tierra, renovamos el compromiso de proteger nuestra biodiversidad para las futuras generaciones.\"><img loading=\"lazy\" decoding=\"async\" width=\"2048\" height=\"2048\" src=\"https:\/\/gadmuisne.gob.ec\/web\/wp-content\/uploads\/2026\/04\/679888661_889117174185836_5817641092949140721_n.jpg\" class=\"attachment-full size-full wp-post-image\" alt=\"\" itemprop=\"image\" srcset=\"https:\/\/gadmuisne.gob.ec\/web\/wp-content\/uploads\/2026\/04\/679888661_889117174185836_5817641092949140721_n.jpg 2048w, https:\/\/gadmuisne.gob.ec\/web\/wp-content\/uploads\/2026\/04\/679888661_889117174185836_5817641092949140721_n-300x300.jpg 300w, https:\/\/gadmuisne.gob.ec\/web\/wp-content\/uploads\/2026\/04\/679888661_889117174185836_5817641092949140721_n-1024x1024.jpg 1024w, https:\/\/gadmuisne.gob.ec\/web\/wp-content\/uploads\/2026\/04\/679888661_889117174185836_5817641092949140721_n-150x150.jpg 150w, https:\/\/gadmuisne.gob.ec\/web\/wp-content\/uploads\/2026\/04\/679888661_889117174185836_5817641092949140721_n-768x768.jpg 768w, https:\/\/gadmuisne.gob.ec\/web\/wp-content\/uploads\/2026\/04\/679888661_889117174185836_5817641092949140721_n-1536x1536.jpg 1536w, https:\/\/gadmuisne.gob.ec\/web\/wp-content\/uploads\/2026\/04\/679888661_889117174185836_5817641092949140721_n-70x70.jpg 70w, https:\/\/gadmuisne.gob.ec\/web\/wp-content\/uploads\/2026\/04\/679888661_889117174185836_5817641092949140721_n-270x270.jpg 270w, https:\/\/gadmuisne.gob.ec\/web\/wp-content\/uploads\/2026\/04\/679888661_889117174185836_5817641092949140721_n-370x370.jpg 370w, https:\/\/gadmuisne.gob.ec\/web\/wp-content\/uploads\/2026\/04\/679888661_889117174185836_5817641092949140721_n-570x570.jpg 570w, https:\/\/gadmuisne.gob.ec\/web\/wp-content\/uploads\/2026\/04\/679888661_889117174185836_5817641092949140721_n-770x770.jpg 770w, https:\/\/gadmuisne.gob.ec\/web\/wp-content\/uploads\/2026\/04\/679888661_889117174185836_5817641092949140721_n-870x870.jpg 870w, https:\/\/gadmuisne.gob.ec\/web\/wp-content\/uploads\/2026\/04\/679888661_889117174185836_5817641092949140721_n-1170x1170.jpg 1170w, https:\/\/gadmuisne.gob.ec\/web\/wp-content\/uploads\/2026\/04\/679888661_889117174185836_5817641092949140721_n-1570x1570.jpg 1570w\" sizes=\"auto, (max-width: 2048px) 100vw, 2048px\" \/><\/a>\t\t<\/div>\n\t\t\t\t\t\t\t\t<div class=\"wp-show-posts-entry-summary\" itemprop=\"text\">\n\t\t\t\t\t\t\t<p>En este D\u00eda de la Tierra, renovamos el compromiso de&#8230;<\/p>\n\t\t\t\t\t\t<\/div><!-- .entry-summary -->\n\t\t\t\t\t<div class=\"wpsp-read-more\"><a title=\"En este D\u00eda de la Tierra, renovamos el compromiso de proteger nuestra biodiversidad para las futuras generaciones.\" class=\"wp-show-posts-read-more\" href=\"https:\/\/gadmuisne.gob.ec\/web\/en-este-dia-de-la-tierra-renovamos-el-compromiso-de-proteger-nuestra-biodiversidad-para-las-futuras-generaciones\/\">Leer mas<\/a><\/div><\/div><!-- wp-show-posts-inner --><\/article><article class=\" wp-show-posts-single post-20943 post type-post status-publish format-standard has-post-thumbnail hentry category-actividades category-noticias1 wpsp-col-4\" itemtype=\"http:\/\/schema.org\/CreativeWork\" itemscope><div class=\"wp-show-posts-inner\" style=\"\">\t\t\t\t\t\t<header class=\"wp-show-posts-entry-header\">\n\t\t\t\t\t\t\t<div class=\"wp-show-posts-entry-meta wp-show-posts-entry-meta-below-title post-meta-inline\"><span class=\"wp-show-posts-posted-on wp-show-posts-meta\">\n\t\t\t\t\t<a href=\"https:\/\/gadmuisne.gob.ec\/web\/20943-2\/\" title=\"9:31 am\" rel=\"bookmark\"><time class=\"wp-show-posts-entry-date published\" datetime=\"2026-04-22T09:31:14-05:00\" itemprop=\"datePublished\">22 abril, 2026<\/time><\/a>\n\t\t\t\t<\/span><\/div>\t\t\t\t\t\t<\/header><!-- .entry-header -->\n\t\t\t\t\t\t\t<div class=\"wp-show-posts-image  wpsp-image-center \">\n\t\t\t<a href=\"https:\/\/gadmuisne.gob.ec\/web\/20943-2\/\"  title=\"\"><img loading=\"lazy\" decoding=\"async\" width=\"1280\" height=\"960\" src=\"https:\/\/gadmuisne.gob.ec\/web\/wp-content\/uploads\/2026\/04\/678912641_889006484196905_338736880710978738_n.jpg\" class=\"attachment-full size-full wp-post-image\" alt=\"\" itemprop=\"image\" srcset=\"https:\/\/gadmuisne.gob.ec\/web\/wp-content\/uploads\/2026\/04\/678912641_889006484196905_338736880710978738_n.jpg 1280w, https:\/\/gadmuisne.gob.ec\/web\/wp-content\/uploads\/2026\/04\/678912641_889006484196905_338736880710978738_n-300x225.jpg 300w, https:\/\/gadmuisne.gob.ec\/web\/wp-content\/uploads\/2026\/04\/678912641_889006484196905_338736880710978738_n-1024x768.jpg 1024w, https:\/\/gadmuisne.gob.ec\/web\/wp-content\/uploads\/2026\/04\/678912641_889006484196905_338736880710978738_n-768x576.jpg 768w, https:\/\/gadmuisne.gob.ec\/web\/wp-content\/uploads\/2026\/04\/678912641_889006484196905_338736880710978738_n-270x203.jpg 270w, https:\/\/gadmuisne.gob.ec\/web\/wp-content\/uploads\/2026\/04\/678912641_889006484196905_338736880710978738_n-370x278.jpg 370w, https:\/\/gadmuisne.gob.ec\/web\/wp-content\/uploads\/2026\/04\/678912641_889006484196905_338736880710978738_n-570x428.jpg 570w, https:\/\/gadmuisne.gob.ec\/web\/wp-content\/uploads\/2026\/04\/678912641_889006484196905_338736880710978738_n-770x578.jpg 770w, https:\/\/gadmuisne.gob.ec\/web\/wp-content\/uploads\/2026\/04\/678912641_889006484196905_338736880710978738_n-870x653.jpg 870w, https:\/\/gadmuisne.gob.ec\/web\/wp-content\/uploads\/2026\/04\/678912641_889006484196905_338736880710978738_n-1170x878.jpg 1170w\" sizes=\"auto, (max-width: 1280px) 100vw, 1280px\" \/><\/a>\t\t<\/div>\n\t\t\t\t\t\t\t\t<div class=\"wp-show-posts-entry-summary\" itemprop=\"text\">\n\t\t\t\t\t\t\t<p>BOLET\u00cdN DE PRENSA Nro. 14 Muisne,\u00a0 22 de abril de&#8230;<\/p>\n\t\t\t\t\t\t<\/div><!-- .entry-summary -->\n\t\t\t\t\t<div class=\"wpsp-read-more\"><a title=\"\" class=\"wp-show-posts-read-more\" href=\"https:\/\/gadmuisne.gob.ec\/web\/20943-2\/\">Leer mas<\/a><\/div><\/div><!-- wp-show-posts-inner --><\/article><article class=\" wp-show-posts-single post-20936 post type-post status-publish format-standard has-post-thumbnail hentry category-actividades category-noticias1 wpsp-col-4\" itemtype=\"http:\/\/schema.org\/CreativeWork\" itemscope><div class=\"wp-show-posts-inner\" style=\"\">\t\t\t\t\t\t<header class=\"wp-show-posts-entry-header\">\n\t\t\t\t\t\t\t<h2 class=\"wp-show-posts-entry-title\" itemprop=\"headline\"><a href=\"https:\/\/gadmuisne.gob.ec\/web\/20936-2\/\" rel=\"bookmark\">Muisne Limpio entrega nuevos uniformes y equipos de protecci\u00f3n al personal de Barrido y Recolecci\u00f3n<\/a><\/h2><div class=\"wp-show-posts-entry-meta wp-show-posts-entry-meta-below-title post-meta-inline\"><span class=\"wp-show-posts-posted-on wp-show-posts-meta\">\n\t\t\t\t\t<a href=\"https:\/\/gadmuisne.gob.ec\/web\/20936-2\/\" title=\"12:39 pm\" rel=\"bookmark\"><time class=\"wp-show-posts-entry-date published\" datetime=\"2026-04-21T12:39:19-05:00\" itemprop=\"datePublished\">21 abril, 2026<\/time><time class=\"wp-show-posts-updated\" datetime=\"2026-04-21T12:40:07-05:00\" itemprop=\"dateModified\">21 abril, 2026<\/time><\/a>\n\t\t\t\t<\/span><\/div>\t\t\t\t\t\t<\/header><!-- .entry-header -->\n\t\t\t\t\t\t\t<div class=\"wp-show-posts-image  wpsp-image-center \">\n\t\t\t<a href=\"https:\/\/gadmuisne.gob.ec\/web\/20936-2\/\"  title=\"Muisne Limpio entrega nuevos uniformes y equipos de protecci\u00f3n al personal de Barrido y Recolecci\u00f3n\"><img loading=\"lazy\" decoding=\"async\" width=\"1280\" height=\"960\" src=\"https:\/\/gadmuisne.gob.ec\/web\/wp-content\/uploads\/2026\/04\/676786259_888338154263738_7325722010294516374_n.jpg\" class=\"attachment-full size-full wp-post-image\" alt=\"\" itemprop=\"image\" srcset=\"https:\/\/gadmuisne.gob.ec\/web\/wp-content\/uploads\/2026\/04\/676786259_888338154263738_7325722010294516374_n.jpg 1280w, https:\/\/gadmuisne.gob.ec\/web\/wp-content\/uploads\/2026\/04\/676786259_888338154263738_7325722010294516374_n-300x225.jpg 300w, https:\/\/gadmuisne.gob.ec\/web\/wp-content\/uploads\/2026\/04\/676786259_888338154263738_7325722010294516374_n-1024x768.jpg 1024w, https:\/\/gadmuisne.gob.ec\/web\/wp-content\/uploads\/2026\/04\/676786259_888338154263738_7325722010294516374_n-768x576.jpg 768w, https:\/\/gadmuisne.gob.ec\/web\/wp-content\/uploads\/2026\/04\/676786259_888338154263738_7325722010294516374_n-270x203.jpg 270w, https:\/\/gadmuisne.gob.ec\/web\/wp-content\/uploads\/2026\/04\/676786259_888338154263738_7325722010294516374_n-370x278.jpg 370w, https:\/\/gadmuisne.gob.ec\/web\/wp-content\/uploads\/2026\/04\/676786259_888338154263738_7325722010294516374_n-570x428.jpg 570w, https:\/\/gadmuisne.gob.ec\/web\/wp-content\/uploads\/2026\/04\/676786259_888338154263738_7325722010294516374_n-770x578.jpg 770w, https:\/\/gadmuisne.gob.ec\/web\/wp-content\/uploads\/2026\/04\/676786259_888338154263738_7325722010294516374_n-870x653.jpg 870w, https:\/\/gadmuisne.gob.ec\/web\/wp-content\/uploads\/2026\/04\/676786259_888338154263738_7325722010294516374_n-1170x878.jpg 1170w\" sizes=\"auto, (max-width: 1280px) 100vw, 1280px\" \/><\/a>\t\t<\/div>\n\t\t\t\t\t\t\t\t<div class=\"wp-show-posts-entry-summary\" itemprop=\"text\">\n\t\t\t\t\t\t\t<p>BOLET\u00cdN DE PRENSA Muisne, 21 de abril de 2026 Muisne&#8230;<\/p>\n\t\t\t\t\t\t<\/div><!-- .entry-summary -->\n\t\t\t\t\t<div class=\"wpsp-read-more\"><a title=\"Muisne Limpio entrega nuevos uniformes y equipos de protecci\u00f3n al personal de Barrido y Recolecci\u00f3n\" class=\"wp-show-posts-read-more\" href=\"https:\/\/gadmuisne.gob.ec\/web\/20936-2\/\">Leer mas<\/a><\/div><\/div><!-- wp-show-posts-inner --><\/article><div class=\"wpsp-clear\"><\/div><\/section><!-- .wp-show-posts -->\n","protected":false},"excerpt":{"rendered":"BOLET\u00cdN DE PRENSA Muisne, 21 de abril de 2026 Muisne Limpio entrega nuevos uniformes y equipos de protecci\u00f3n al personal de Barrido y Recolecci\u00f3n Gracias a la visi\u00f3n de nuestra alcaldesa\u00a0Yuri Colorado M\u00e1rquez, la empresa p\u00fablica\u00a0Muisne Limpio\u00a0realiz\u00f3 la entrega oficial de\u00a0nuevos uniformes y equipos de protecci\u00f3n personal (EPP)\u00a0al equipo de\u00a0Barrido...","protected":false},"author":1,"featured_media":0,"parent":0,"menu_order":0,"comment_status":"closed","ping_status":"closed","template":"","meta":{"footnotes":""},"class_list":["post-1363","page","type-page","status-publish","hentry"],"_links":{"self":[{"href":"https:\/\/gadmuisne.gob.ec\/web\/wp-json\/wp\/v2\/pages\/1363","targetHints":{"allow":["GET"]}}],"collection":[{"href":"https:\/\/gadmuisne.gob.ec\/web\/wp-json\/wp\/v2\/pages"}],"about":[{"href":"https:\/\/gadmuisne.gob.ec\/web\/wp-json\/wp\/v2\/types\/page"}],"author":[{"embeddable":true,"href":"https:\/\/gadmuisne.gob.ec\/web\/wp-json\/wp\/v2\/users\/1"}],"replies":[{"embeddable":true,"href":"https:\/\/gadmuisne.gob.ec\/web\/wp-json\/wp\/v2\/comments?post=1363"}],"version-history":[{"count":28,"href":"https:\/\/gadmuisne.gob.ec\/web\/wp-json\/wp\/v2\/pages\/1363\/revisions"}],"predecessor-version":[{"id":14351,"href":"https:\/\/gadmuisne.gob.ec\/web\/wp-json\/wp\/v2\/pages\/1363\/revisions\/14351"}],"wp:attachment":[{"href":"https:\/\/gadmuisne.gob.ec\/web\/wp-json\/wp\/v2\/media?parent=1363"}],"curies":[{"name":"wp","href":"https:\/\/api.w.org\/{rel}","templated":true}]}}