{"id":1435,"date":"2019-08-02T15:51:20","date_gmt":"2019-08-02T13:51:20","guid":{"rendered":"http:\/\/gadmuisne.gob.ec\/web\/?page_id=1435"},"modified":"2026-04-07T15:54:00","modified_gmt":"2026-04-07T20:54:00","slug":"relaciones-nacionales-e-internacionales","status":"publish","type":"page","link":"https:\/\/gadmuisne.gob.ec\/web\/relaciones-nacionales-e-internacionales\/","title":{"rendered":"Relaciones de Cooperaci\u00f3n"},"content":{"rendered":"<div class=\"wpb-content-wrapper\"><p>[vc_row text_color=\u00bb__\u00bb heading_color=\u00bb__\u00bb link_color=\u00bb__\u00bb link_hover_color=\u00bb__\u00bb responsive_font_size=\u00bb0&#8243;][vc_column][vc_tta_tabs active_section=\u00bb1&#8243;][vc_tta_section title=\u00bbSobre la Secretar\u00eda\u00bb tab_id=\u00bb1564408816846-5febf320-2e5e\u00bb][vc_column_text el_id=\u00bbcontenido\u00bb el_class=\u00bb.con\u00bb]<img loading=\"lazy\" decoding=\"async\" class=\"wp-image-1907 aligncenter\" src=\"http:\/\/gadmuisne.gob.ec\/web\/wp-content\/uploads\/2020\/07\/e_2018_ods_poster_with_un_emblem_es-300x169.png\" alt=\"\" width=\"610\" height=\"343\" srcset=\"https:\/\/gadmuisne.gob.ec\/web\/wp-content\/uploads\/2020\/07\/e_2018_ods_poster_with_un_emblem_es-300x169.png 300w, https:\/\/gadmuisne.gob.ec\/web\/wp-content\/uploads\/2020\/07\/e_2018_ods_poster_with_un_emblem_es-270x152.png 270w, https:\/\/gadmuisne.gob.ec\/web\/wp-content\/uploads\/2020\/07\/e_2018_ods_poster_with_un_emblem_es-370x208.png 370w, https:\/\/gadmuisne.gob.ec\/web\/wp-content\/uploads\/2020\/07\/e_2018_ods_poster_with_un_emblem_es-570x321.png 570w, https:\/\/gadmuisne.gob.ec\/web\/wp-content\/uploads\/2020\/07\/e_2018_ods_poster_with_un_emblem_es.png 675w\" sizes=\"auto, (max-width: 610px) 100vw, 610px\" \/><\/p>\n<p>&nbsp;<\/p>\n<p style=\"text-align: justify;\">Ser\u00e1 la instancia responsable de coordinar y gestionar recursos financieros, t\u00e9cnicos, acad\u00e9micos de cooperaci\u00f3n oficial, privada, nacional e internacional para apoyar los\u00a0proyectos estrat\u00e9gicos de acuerdo al plan de desarrollo del Cant\u00f3n Muisne.<\/p>\n<p style=\"text-align: justify;\">El equipo de esta oficina apoya y asesora a la m\u00e1xima autoridad del GADC-MUISNE y a sus dependencias en el tema de Cooperaci\u00f3n y define cu\u00e1les son sus necesidades en cooperaci\u00f3n para establecer las prioridades y focalizar las acciones de apoyo.<\/p>\n<h1><strong>Misi\u00f3n<\/strong><\/h1>\n<p style=\"text-align: justify;\">Coordinar, articular y sincronizar los mecanismos de cooperaci\u00f3n interinstitucional e internacional, incentivando la participaci\u00f3n de los diferentes actores de la ciudad en la b\u00fasqueda de un desarrollo sostenible e integral.<\/p>\n<p>&nbsp;<\/p>\n<h1><strong>Visi\u00f3n<\/strong><\/h1>\n<p style=\"text-align: justify;\">Promotor principal hacia la \u201cInternacionalizaci\u00f3n del territorio del Cant\u00f3n Muisne\u201d consolidado en una gesti\u00f3n por resultados, con liderazgo en el territorio del Cant\u00f3n e\u00a0institucionalmente; que garantice el ejercicio pleno de los\u00a0derechos y la igualdad de oportunidades de los habitantes;\u00a0que promueva la Inversi\u00f3n p\u00fablica, privada y extranjera directa, con\u00a0inversiones sustanciales en la industrializaci\u00f3n de nuestra\u00a0producci\u00f3n primaria; que promueva, articule e implemente\u00a0pol\u00edticas ambientales, socioecon\u00f3micas; gestora de los sistemas\u00a0administrativos con eficiencia y eficacia; poblaci\u00f3n con\u00a0muchas oportunidades para aplicar su m\u00e1ximo potencial;\u00a0con empleos dignos y permanentes; solventando las necesidades del Cant\u00f3n a trav\u00e9s de la cooperaci\u00f3n interinstitucional e internacional con transparencia rendici\u00f3n de cuentas y\u00a0practicando la democracia participativa, con unidades\u00a0econ\u00f3micas asociadas y competitivas, en el marco de un\u00a0desarrollo sostenible\u201d.<\/p>\n<p>&nbsp;<\/p>\n<h1>TIPOS DE COOPERACI\u00d3N<\/h1>\n<ul>\n<li>Cooperaci\u00f3n T\u00e9cnica<\/li>\n<li>Cooperaci\u00f3n financiera no reembolsable<\/li>\n<li>Cooperaci\u00f3n Cultural<\/li>\n<li>Becas<\/li>\n<\/ul>\n<p>[\/vc_column_text][\/vc_tta_section][vc_tta_section title=\u00bbProcedimientos\u00bb tab_id=\u00bb1564408816866-a1d59bb2-f6a3&#8243;][vc_column_text el_id=\u00bbcontenido\u00bb]<\/p>\n<h1><img loading=\"lazy\" decoding=\"async\" class=\"alignnone wp-image-20440 size-large\" src=\"https:\/\/gadmuisne.gob.ec\/web\/wp-content\/uploads\/2026\/04\/IMG_1501.JPG-1024x576.jpeg\" alt=\"\" width=\"960\" height=\"540\" srcset=\"https:\/\/gadmuisne.gob.ec\/web\/wp-content\/uploads\/2026\/04\/IMG_1501.JPG-1024x576.jpeg 1024w, https:\/\/gadmuisne.gob.ec\/web\/wp-content\/uploads\/2026\/04\/IMG_1501.JPG-300x169.jpeg 300w, https:\/\/gadmuisne.gob.ec\/web\/wp-content\/uploads\/2026\/04\/IMG_1501.JPG-768x432.jpeg 768w, https:\/\/gadmuisne.gob.ec\/web\/wp-content\/uploads\/2026\/04\/IMG_1501.JPG-1536x864.jpeg 1536w, https:\/\/gadmuisne.gob.ec\/web\/wp-content\/uploads\/2026\/04\/IMG_1501.JPG-2048x1152.jpeg 2048w, https:\/\/gadmuisne.gob.ec\/web\/wp-content\/uploads\/2026\/04\/IMG_1501.JPG-270x152.jpeg 270w, https:\/\/gadmuisne.gob.ec\/web\/wp-content\/uploads\/2026\/04\/IMG_1501.JPG-370x208.jpeg 370w, https:\/\/gadmuisne.gob.ec\/web\/wp-content\/uploads\/2026\/04\/IMG_1501.JPG-570x321.jpeg 570w, https:\/\/gadmuisne.gob.ec\/web\/wp-content\/uploads\/2026\/04\/IMG_1501.JPG-770x433.jpeg 770w, https:\/\/gadmuisne.gob.ec\/web\/wp-content\/uploads\/2026\/04\/IMG_1501.JPG-870x489.jpeg 870w, https:\/\/gadmuisne.gob.ec\/web\/wp-content\/uploads\/2026\/04\/IMG_1501.JPG-1170x658.jpeg 1170w, https:\/\/gadmuisne.gob.ec\/web\/wp-content\/uploads\/2026\/04\/IMG_1501.JPG-1570x883.jpeg 1570w\" sizes=\"auto, (max-width: 960px) 100vw, 960px\" \/><\/h1>\n<h1 style=\"text-align: left;\">INICIACI\u00d3N<\/h1>\n<p style=\"text-align: justify;\">Promotor de un convenio es quien tiene inter\u00e9s en la formalizaci\u00f3n del mismo y que, por lo tanto, asume ciertas responsabilidades en el proceso de su tramitaci\u00f3n.<\/p>\n<p style=\"text-align: justify;\">Pueden ser promotores:<\/p>\n<ul style=\"text-align: justify;\">\n<li>Internos:\u00a0Alcalde, Concejales, Jefe Departamentales.<\/li>\n<li>Externos:\u00a0Representantes de organismos y entidades p\u00fablicos o privados, nacionales o extranjeros, que tengan alg\u00fan inter\u00e9s, vinculaci\u00f3n o proyectos.<\/li>\n<\/ul>\n<h1 style=\"text-align: justify;\">PRESENTACI\u00d3N<\/h1>\n<p style=\"text-align: justify;\">Forma de presentaci\u00f3n<\/p>\n<p style=\"text-align: justify;\">El promotor de un convenio deber\u00e1 presentar la siguiente documentaci\u00f3n:<\/p>\n<ul style=\"text-align: justify;\">\n<li>Propuesta a trav\u00e9s de una carta de intenci\u00f3n; donde consten los datos del promotor, datos de contacto, actividades\/compromisos y justificaci\u00f3n del proyecto;<\/li>\n<li>Proyecto de convenio\/borrador de convenio, para el que pueden consultarse el modelo en los documentos adjuntos.<\/li>\n<\/ul>\n<p style=\"text-align: justify;\">Las propuestas deber\u00e1n tener especial consideraci\u00f3n respecto a los compromisos que GAD MUISNE adquiera tanto en el \u00e1mbito econ\u00f3mico y laboral como en lo que concierna a su imagen de forma que esta no pueda ser da\u00f1ada ni objeto de uso por la otra parte.<\/p>\n<p style=\"text-align: justify;\">En lo que concierne a la\/s lengua\/s de redacci\u00f3n de los convenios, se llevara a cabo en espa\u00f1ol y en caso de ser internacional y de habla inglesa en los dos idiomas, espa\u00f1ol e ingl\u00e9s.<\/p>\n<h1 style=\"text-align: justify;\">LUGAR<\/h1>\n<p style=\"text-align: justify;\">Si el promotor es interno,\u00a0deber\u00e1 crear la necesidad para la elaboraci\u00f3n de un convenio con el GAD MUISNE la cual puede nacer desde la Secretar\u00eda de Cooperaci\u00f3n, los Directores y Jefes Departamentales, quien deber\u00e1 presentar la documentaci\u00f3n directamente a la Secretar\u00eda t\u00e9cnica de cooperaci\u00f3n interinstitucional e internacionales.<\/p>\n<p style=\"text-align: justify;\"><u>denisse.santos@gadmuisne.gob.ec<\/u><\/p>\n<p style=\"text-align: justify;\">Si el promotor es externo<\/p>\n<p style=\"text-align: justify;\">Nacional \u2013\u00a0deber\u00e1 dirigir la carta de intenci\u00f3n y documentaci\u00f3n correspondiente a la Unidad de Relaciones Nacionales e Internacionales.<\/p>\n<p style=\"text-align: justify;\">Internacional:\u00a0deber\u00e1 dirigir la carta de intenci\u00f3n debidamente firmada y borrador de convenio o propuesta al siguiente mail<\/p>\n<p style=\"text-align: justify;\"><u>denisse.santos@gadmuisne.gob.ec<\/u><\/p>\n<h1 style=\"text-align: justify;\">HABILITANTES<\/h1>\n<p style=\"text-align: justify;\">Requisitos obligatorios, previo a la firma de convenio por Representante Legal<\/p>\n<p style=\"text-align: justify;\">\u2013\u00a0\u00a0\u00a0\u00a0\u00a0\u00a0\u00a0\u00a0Copia a color de c\u00e9dula de identidad;<\/p>\n<p style=\"text-align: justify;\">\u2013\u00a0\u00a0\u00a0\u00a0\u00a0\u00a0\u00a0\u00a0Copia a color de papeleta de votaci\u00f3n;<\/p>\n<p style=\"text-align: justify;\">\u2013\u00a0\u00a0\u00a0\u00a0\u00a0\u00a0\u00a0\u00a0Copia del nombramiento o contrato<\/p>\n<h1 style=\"text-align: left;\">PROCESO DE FIRMA DE CONVENIO<\/h1>\n<p style=\"text-align: justify;\">Toda la documentaci\u00f3n y respaldos ser\u00e1n analizados internamente desde la Secretar\u00eda T\u00e9cnica de Cooperaci\u00f3n interinstitucional e internacional, posteriormente remitidos al Departamento de Procuradur\u00eda para su respectiva revisi\u00f3n y emisi\u00f3n de criterio jur\u00eddico, el convenio pasar\u00e1 por conocimiento del Consejo seg\u00fan sea el caso, seg\u00fan la Resoluci\u00f3n se notifica a la Instituci\u00f3n contraparte en casa existiera una modificaci\u00f3n o para notificar que el convenio ha sido aprobado exitosamente; luego de recibir el visto bueno de Alcald\u00eda, luego de esto estar\u00e1 listo parta sus respectivas firmas y sumillas entre las partes.<\/p>\n<h1 style=\"text-align: justify;\">NOTIFICACI\u00d3N Y FIRMA<\/h1>\n<p style=\"text-align: justify;\">La Secretar\u00eda T\u00e9cnica de Cooperaci\u00f3n interinstitucional e internacional ser\u00e1 el responsable de la notificaci\u00f3n de la aprobaci\u00f3n al promotor del convenio.<\/p>\n<p style=\"text-align: justify;\">La firma de un convenio puede ser p\u00fablica o cruzada. Firma p\u00fablica es aquella que tiene lugar ante los medios de comunicaci\u00f3n en un acto con presencia de las autoridades que representan a las instituciones firmantes. Firma cruzada es aquella en la que una de las partes prepara documentos originales, los firma y los remite a la contraparte para que esta, una vez debidamente suscritos, devuelva uno de ellos.<\/p>\n<p style=\"text-align: justify;\">La fecha de las firmas completas es la que se considera como inicial del convenio.<\/p>\n<p style=\"text-align: justify;\">Todos los convenios ser\u00e1n firmados por el Alcalde.<\/p>\n<h1 style=\"text-align: left;\">MODIFICACI\u00d3N Y RENOVACI\u00d3N DE CONVENIOS<\/h1>\n<p style=\"text-align: justify;\">Pr\u00f3xima la caducidad de un convenio por transcurso del plazo previsto para su vigencia, el promotor o los interesados en el mismo podr\u00e1n instar a su renovaci\u00f3n o manifestar su opini\u00f3n sobre el inter\u00e9s en renovarlo, cerrarlo o modificarlo.<\/p>\n<p>[\/vc_column_text][\/vc_tta_section][vc_tta_section title=\u00bbDocumentos\u00bb tab_id=\u00bb1564409240027-a1ac444f-daa6&#8243;][vc_column_text el_id=\u00bbcontenido\u00bb]<a href=\"http:\/\/gadmuisne.gob.ec\/web\/wp-content\/uploads\/2020\/07\/FORMATO-DE-CARTA-DE-INTENCI\u00d3N.docx\">Formato \u2013 Carta de inter\u00e9s<\/a><\/p>\n<p><a href=\"http:\/\/gadmuisne.gob.ec\/web\/wp-content\/uploads\/2020\/07\/MODELO-DE-CONVENIO-GADMUISNE-Y-ONGS.docx\">Formato \u2013 Convenio maco con ONGs<\/a><\/p>\n<p><a href=\"http:\/\/gadmuisne.gob.ec\/web\/wp-content\/uploads\/2020\/07\/FORMATO-DE-CONVENIO.docx\">Formato \u2013 Convenio marco con instituciones<\/a><\/p>\n<p><a href=\"http:\/\/gadmuisne.gob.ec\/web\/wp-content\/uploads\/2020\/07\/MODELO-PARA-LA-ELABORACI\u00d3N-DE-PROYECTOS.docx\">Formato \u2013 Presentaci\u00f3n de propuesta de proyectos<\/a><\/p>\n<p><a href=\"https:\/\/gadmuisne.gob.ec\/web\/wp-content\/uploads\/2021\/06\/FORMATO-SOLICITUD-DE-BECA-2021.pdf\">Formato &#8211; Solicitud de beca &#8211; 2021<\/a>[\/vc_column_text][\/vc_tta_section][vc_tta_section title=\u00bbConvenios\u00bb tab_id=\u00bb1594139354307-8fb61692-8e25&#8243;][vc_column_text]<a href=\"http:\/\/gadmuisne.gob.ec\/web\/wp-content\/uploads\/2020\/07\/MAQUITA-1.pdf\"><img loading=\"lazy\" decoding=\"async\" class=\"alignleft wp-image-1881\" src=\"http:\/\/gadmuisne.gob.ec\/web\/wp-content\/uploads\/2020\/07\/MAQUITA-300x103.png\" alt=\"\" width=\"183\" height=\"63\" srcset=\"https:\/\/gadmuisne.gob.ec\/web\/wp-content\/uploads\/2020\/07\/MAQUITA-300x103.png 300w, https:\/\/gadmuisne.gob.ec\/web\/wp-content\/uploads\/2020\/07\/MAQUITA-270x93.png 270w, https:\/\/gadmuisne.gob.ec\/web\/wp-content\/uploads\/2020\/07\/MAQUITA-370x128.png 370w, https:\/\/gadmuisne.gob.ec\/web\/wp-content\/uploads\/2020\/07\/MAQUITA.png 383w\" sizes=\"auto, (max-width: 183px) 100vw, 183px\" \/><\/a><\/p>\n<p><a href=\"http:\/\/gadmuisne.gob.ec\/web\/wp-content\/uploads\/2020\/07\/FEPP-1.pdf\"><img loading=\"lazy\" decoding=\"async\" class=\"alignleft wp-image-1878\" src=\"http:\/\/gadmuisne.gob.ec\/web\/wp-content\/uploads\/2020\/07\/FEPP.png\" alt=\"\" width=\"109\" height=\"68\" srcset=\"https:\/\/gadmuisne.gob.ec\/web\/wp-content\/uploads\/2020\/07\/FEPP.png 284w, https:\/\/gadmuisne.gob.ec\/web\/wp-content\/uploads\/2020\/07\/FEPP-270x168.png 270w\" sizes=\"auto, (max-width: 109px) 100vw, 109px\" \/><\/a><\/p>\n<p><a href=\"http:\/\/gadmuisne.gob.ec\/web\/wp-content\/uploads\/2020\/07\/1-Vargas-Torres-3.pdf\"><img loading=\"lazy\" decoding=\"async\" class=\"alignleft wp-image-1884\" src=\"http:\/\/gadmuisne.gob.ec\/web\/wp-content\/uploads\/2020\/07\/UTE-LVT-300x300.png\" alt=\"\" width=\"62\" height=\"62\" srcset=\"https:\/\/gadmuisne.gob.ec\/web\/wp-content\/uploads\/2020\/07\/UTE-LVT-300x300.png 300w, https:\/\/gadmuisne.gob.ec\/web\/wp-content\/uploads\/2020\/07\/UTE-LVT-150x150.png 150w, https:\/\/gadmuisne.gob.ec\/web\/wp-content\/uploads\/2020\/07\/UTE-LVT-768x770.png 768w, https:\/\/gadmuisne.gob.ec\/web\/wp-content\/uploads\/2020\/07\/UTE-LVT-70x70.png 70w, https:\/\/gadmuisne.gob.ec\/web\/wp-content\/uploads\/2020\/07\/UTE-LVT-270x271.png 270w, https:\/\/gadmuisne.gob.ec\/web\/wp-content\/uploads\/2020\/07\/UTE-LVT-370x371.png 370w, https:\/\/gadmuisne.gob.ec\/web\/wp-content\/uploads\/2020\/07\/UTE-LVT-570x571.png 570w, https:\/\/gadmuisne.gob.ec\/web\/wp-content\/uploads\/2020\/07\/UTE-LVT-770x772.png 770w, https:\/\/gadmuisne.gob.ec\/web\/wp-content\/uploads\/2020\/07\/UTE-LVT.png 777w\" sizes=\"auto, (max-width: 62px) 100vw, 62px\" \/><\/a><\/p>\n<p>&nbsp;<\/p>\n<p><a href=\"http:\/\/gadmuisne.gob.ec\/web\/wp-content\/uploads\/2020\/07\/U.-CAT\u00d3LICA-F.-1.pdf\"><img loading=\"lazy\" decoding=\"async\" class=\"alignleft wp-image-1883\" src=\"http:\/\/gadmuisne.gob.ec\/web\/wp-content\/uploads\/2020\/07\/PUCESE-300x68.png\" alt=\"\" width=\"247\" height=\"56\" srcset=\"https:\/\/gadmuisne.gob.ec\/web\/wp-content\/uploads\/2020\/07\/PUCESE-300x68.png 300w, https:\/\/gadmuisne.gob.ec\/web\/wp-content\/uploads\/2020\/07\/PUCESE-270x61.png 270w, https:\/\/gadmuisne.gob.ec\/web\/wp-content\/uploads\/2020\/07\/PUCESE-370x84.png 370w, https:\/\/gadmuisne.gob.ec\/web\/wp-content\/uploads\/2020\/07\/PUCESE.png 533w\" sizes=\"auto, (max-width: 247px) 100vw, 247px\" \/><\/a><\/p>\n<p>&nbsp;<\/p>\n<p>&nbsp;<\/p>\n<p>&nbsp;<\/p>\n<p><a href=\"http:\/\/gadmuisne.gob.ec\/web\/wp-content\/uploads\/2020\/07\/FUNDER-F.-1.pdf\"><img loading=\"lazy\" decoding=\"async\" class=\"alignleft wp-image-1879\" src=\"http:\/\/gadmuisne.gob.ec\/web\/wp-content\/uploads\/2020\/07\/FUNDER-300x245.jpeg\" alt=\"\" width=\"104\" height=\"85\" srcset=\"https:\/\/gadmuisne.gob.ec\/web\/wp-content\/uploads\/2020\/07\/FUNDER-300x245.jpeg 300w, https:\/\/gadmuisne.gob.ec\/web\/wp-content\/uploads\/2020\/07\/FUNDER-270x221.jpeg 270w, https:\/\/gadmuisne.gob.ec\/web\/wp-content\/uploads\/2020\/07\/FUNDER-370x302.jpeg 370w, https:\/\/gadmuisne.gob.ec\/web\/wp-content\/uploads\/2020\/07\/FUNDER.jpeg 569w\" sizes=\"auto, (max-width: 104px) 100vw, 104px\" \/><\/a><\/p>\n<p><a href=\"http:\/\/gadmuisne.gob.ec\/web\/wp-content\/uploads\/2020\/07\/COMIT\u00c9-PARALIMPICO-F.-1.pdf\"><img loading=\"lazy\" decoding=\"async\" class=\"alignleft wp-image-1876\" src=\"http:\/\/gadmuisne.gob.ec\/web\/wp-content\/uploads\/2020\/07\/COMITE-PARALIMPICO.jpg\" alt=\"\" width=\"91\" height=\"91\" srcset=\"https:\/\/gadmuisne.gob.ec\/web\/wp-content\/uploads\/2020\/07\/COMITE-PARALIMPICO.jpg 225w, https:\/\/gadmuisne.gob.ec\/web\/wp-content\/uploads\/2020\/07\/COMITE-PARALIMPICO-150x150.jpg 150w, https:\/\/gadmuisne.gob.ec\/web\/wp-content\/uploads\/2020\/07\/COMITE-PARALIMPICO-70x70.jpg 70w\" sizes=\"auto, (max-width: 91px) 100vw, 91px\" \/><\/a><\/p>\n<p><a href=\"http:\/\/gadmuisne.gob.ec\/web\/wp-content\/uploads\/2020\/07\/C.E.-OAZ-Y-DESARROLLO-UNION-EUROPEA-1.pdf\"><img loading=\"lazy\" decoding=\"async\" class=\"alignnone wp-image-1882\" src=\"http:\/\/gadmuisne.gob.ec\/web\/wp-content\/uploads\/2020\/07\/PAZ-Y-DESARROLLO.png\" alt=\"\" width=\"113\" height=\"113\" srcset=\"https:\/\/gadmuisne.gob.ec\/web\/wp-content\/uploads\/2020\/07\/PAZ-Y-DESARROLLO.png 225w, https:\/\/gadmuisne.gob.ec\/web\/wp-content\/uploads\/2020\/07\/PAZ-Y-DESARROLLO-150x150.png 150w, https:\/\/gadmuisne.gob.ec\/web\/wp-content\/uploads\/2020\/07\/PAZ-Y-DESARROLLO-70x70.png 70w\" sizes=\"auto, (max-width: 113px) 100vw, 113px\" \/><\/a><a href=\"http:\/\/gadmuisne.gob.ec\/web\/wp-content\/uploads\/2020\/07\/CONAGOPARE-1.pdf\"><img loading=\"lazy\" decoding=\"async\" class=\"alignnone wp-image-1877\" src=\"http:\/\/gadmuisne.gob.ec\/web\/wp-content\/uploads\/2020\/07\/CONAGOPARE-300x115.jpg\" alt=\"\" width=\"256\" height=\"98\" srcset=\"https:\/\/gadmuisne.gob.ec\/web\/wp-content\/uploads\/2020\/07\/CONAGOPARE-300x115.jpg 300w, https:\/\/gadmuisne.gob.ec\/web\/wp-content\/uploads\/2020\/07\/CONAGOPARE-270x103.jpg 270w, https:\/\/gadmuisne.gob.ec\/web\/wp-content\/uploads\/2020\/07\/CONAGOPARE.jpg 363w\" sizes=\"auto, (max-width: 256px) 100vw, 256px\" \/><\/a><\/p>\n<p><a href=\"http:\/\/gadmuisne.gob.ec\/web\/wp-content\/uploads\/2020\/07\/MAG-F.-1.pdf\"><img loading=\"lazy\" decoding=\"async\" class=\"alignnone wp-image-1898\" src=\"http:\/\/gadmuisne.gob.ec\/web\/wp-content\/uploads\/2020\/07\/MAGAP-2-300x172.jpg\" alt=\"\" width=\"197\" height=\"113\" srcset=\"https:\/\/gadmuisne.gob.ec\/web\/wp-content\/uploads\/2020\/07\/MAGAP-2-300x172.jpg 300w, https:\/\/gadmuisne.gob.ec\/web\/wp-content\/uploads\/2020\/07\/MAGAP-2-270x155.jpg 270w, https:\/\/gadmuisne.gob.ec\/web\/wp-content\/uploads\/2020\/07\/MAGAP-2-370x212.jpg 370w, https:\/\/gadmuisne.gob.ec\/web\/wp-content\/uploads\/2020\/07\/MAGAP-2.jpg 450w\" sizes=\"auto, (max-width: 197px) 100vw, 197px\" \/><\/a><a href=\"http:\/\/gadmuisne.gob.ec\/web\/wp-content\/uploads\/2020\/07\/CONVENIO-FINAL-GAD-MUISNE-CZ1E-2020-LEGALIZADO-signed.pdf\"><img loading=\"lazy\" decoding=\"async\" class=\"alignleft wp-image-1900\" src=\"http:\/\/gadmuisne.gob.ec\/web\/wp-content\/uploads\/2020\/07\/descarga-300x149.png\" alt=\"\" width=\"159\" height=\"79\" srcset=\"https:\/\/gadmuisne.gob.ec\/web\/wp-content\/uploads\/2020\/07\/descarga-300x149.png 300w, https:\/\/gadmuisne.gob.ec\/web\/wp-content\/uploads\/2020\/07\/descarga-270x134.png 270w, https:\/\/gadmuisne.gob.ec\/web\/wp-content\/uploads\/2020\/07\/descarga.png 318w\" sizes=\"auto, (max-width: 159px) 100vw, 159px\" \/><\/a><\/p>\n<p>&nbsp;<\/p>\n<p>&nbsp;<\/p>\n<p><a href=\"http:\/\/gadmuisne.gob.ec\/web\/wp-content\/uploads\/2020\/07\/MAQUITA-1.pdf\">Convenio marco de cooperaci\u00f3n interinstitucional GADMCMUISNE&amp;FUNDACI\u00d3N MAQUITA<\/a><\/p>\n<p><a href=\"http:\/\/gadmuisne.gob.ec\/web\/wp-content\/uploads\/2020\/07\/FEPP-1.pdf\">Convenio marco de cooperaci\u00f3n interinstitucional GADMCMUISNE&amp;GRUPO SOCIAL FEPP<\/a><\/p>\n<p><a href=\"http:\/\/gadmuisne.gob.ec\/web\/wp-content\/uploads\/2020\/07\/1-Vargas-Torres-3.pdf\">Convenio marco de cooperaci\u00f3n interinstitucional GADMCMUISNE&amp;UTELVT<\/a><\/p>\n<p><a href=\"http:\/\/gadmuisne.gob.ec\/web\/wp-content\/uploads\/2020\/07\/U.-CAT\u00d3LICA-F.-1.pdf\">Convenio marco de cooperaci\u00f3n interinstitucional GADMCMUISNE&amp;PUCESE<\/a><\/p>\n<p><a href=\"http:\/\/gadmuisne.gob.ec\/web\/wp-content\/uploads\/2020\/07\/FUNDER-F.-1.pdf\">Convenio marco de cooperaci\u00f3n interinstitucional GADMCMUISNE&amp;FUNDER<\/a><\/p>\n<p><a href=\"http:\/\/gadmuisne.gob.ec\/web\/wp-content\/uploads\/2020\/07\/COMIT\u00c9-PARALIMPICO-F.-1.pdf\">Convenio marco de cooperaci\u00f3n interinstitucional GADMCMUISNE&amp;COMIT\u00c9 PARALIMPICO<\/a><\/p>\n<p><a href=\"http:\/\/gadmuisne.gob.ec\/web\/wp-content\/uploads\/2020\/07\/C.E.-OAZ-Y-DESARROLLO-UNION-EUROPEA-1.pdf\">Convenio espec\u00edfico de cooperaci\u00f3n interinstitucional GADMCMUISNE&amp;ASOCIACI\u00d3N POR LA PAZ Y DESARROLLO<\/a><\/p>\n<p><a href=\"http:\/\/gadmuisne.gob.ec\/web\/wp-content\/uploads\/2020\/07\/MAG-F.-1.pdf\">Convenio marco de cooperaci\u00f3n interinstitucional GADMCMUISNE&amp;MAGAP<\/a><\/p>\n<p><a href=\"http:\/\/gadmuisne.gob.ec\/web\/wp-content\/uploads\/2020\/07\/CONVENIO-FINAL-GAD-MUISNE-CZ1E-2020-LEGALIZADO-signed.pdf\">Convenio marco de cooperaci\u00f3n interinstitucional GADMCMUISNE &amp; MINISTERIO DE EDUCACI\u00d3N\u00a0<\/a>[\/vc_column_text][\/vc_tta_section][vc_tta_section title=\u00bbOportunidades\u00bb tab_id=\u00bb1594138262773-75320ab7-0385&#8243;][vc_column_text]<a href=\"http:\/\/utelvt.edu.ec\/sitioweb\/images\/RelacionesNacionalesEInternacionales\/PUBLICACION_CONVOCATORIA_DE_BECAS_FIN.docx\"><strong>Programas de Cooperaci\u00f3n Internacional<\/strong><\/a><\/p>\n<h1 style=\"text-align: center;\"><a href=\"https:\/\/siau.senescyt.gob.ec\/convocatoria\/programa-de-becas-koica-2021-maestrias-para-servidores-as-publicos-as\/?doing_wp_cron=1615160173.3341879844665527343750\"><img loading=\"lazy\" decoding=\"async\" class=\"size-medium wp-image-2239 aligncenter\" src=\"https:\/\/gadmuisne.gob.ec\/web\/wp-content\/uploads\/2021\/03\/person-holding-light-bulb-with-graduation-cap-1-300x216.jpg\" alt=\"\" width=\"300\" height=\"216\" srcset=\"https:\/\/gadmuisne.gob.ec\/web\/wp-content\/uploads\/2021\/03\/person-holding-light-bulb-with-graduation-cap-1-300x216.jpg 300w, https:\/\/gadmuisne.gob.ec\/web\/wp-content\/uploads\/2021\/03\/person-holding-light-bulb-with-graduation-cap-1-1024x739.jpg 1024w, https:\/\/gadmuisne.gob.ec\/web\/wp-content\/uploads\/2021\/03\/person-holding-light-bulb-with-graduation-cap-1-768x554.jpg 768w, https:\/\/gadmuisne.gob.ec\/web\/wp-content\/uploads\/2021\/03\/person-holding-light-bulb-with-graduation-cap-1-1536x1108.jpg 1536w, https:\/\/gadmuisne.gob.ec\/web\/wp-content\/uploads\/2021\/03\/person-holding-light-bulb-with-graduation-cap-1-2048x1478.jpg 2048w, https:\/\/gadmuisne.gob.ec\/web\/wp-content\/uploads\/2021\/03\/person-holding-light-bulb-with-graduation-cap-1-270x195.jpg 270w, https:\/\/gadmuisne.gob.ec\/web\/wp-content\/uploads\/2021\/03\/person-holding-light-bulb-with-graduation-cap-1-370x267.jpg 370w, https:\/\/gadmuisne.gob.ec\/web\/wp-content\/uploads\/2021\/03\/person-holding-light-bulb-with-graduation-cap-1-570x411.jpg 570w, https:\/\/gadmuisne.gob.ec\/web\/wp-content\/uploads\/2021\/03\/person-holding-light-bulb-with-graduation-cap-1-770x556.jpg 770w, https:\/\/gadmuisne.gob.ec\/web\/wp-content\/uploads\/2021\/03\/person-holding-light-bulb-with-graduation-cap-1-870x628.jpg 870w, https:\/\/gadmuisne.gob.ec\/web\/wp-content\/uploads\/2021\/03\/person-holding-light-bulb-with-graduation-cap-1-1170x844.jpg 1170w\" sizes=\"auto, (max-width: 300px) 100vw, 300px\" \/><\/a>POSTULA HASTA<img loading=\"lazy\" decoding=\"async\" class=\"size-medium wp-image-2235 aligncenter\" src=\"https:\/\/gadmuisne.gob.ec\/web\/wp-content\/uploads\/2021\/03\/033-300x70.png\" alt=\"\" width=\"300\" height=\"70\" srcset=\"https:\/\/gadmuisne.gob.ec\/web\/wp-content\/uploads\/2021\/03\/033-300x70.png 300w, https:\/\/gadmuisne.gob.ec\/web\/wp-content\/uploads\/2021\/03\/033-270x63.png 270w, https:\/\/gadmuisne.gob.ec\/web\/wp-content\/uploads\/2021\/03\/033-370x86.png 370w, https:\/\/gadmuisne.gob.ec\/web\/wp-content\/uploads\/2021\/03\/033.png 401w\" sizes=\"auto, (max-width: 300px) 100vw, 300px\" \/><\/h1>\n<p style=\"text-align: center;\">Pa\u00eds: <strong>Corea<\/strong> | \u00a0Idioma: <strong>Ingl\u00e9s<\/strong> |<\/p>\n<p style=\"text-align: center;\">Modalidad: <strong>Presencial\u00a0<\/strong><\/p>\n<h3 style=\"text-align: justify;\"><span style=\"color: #999999;\">\u00bfA qui\u00e9nes est\u00e1 dirigida <\/span><\/h3>\n<h3 style=\"text-align: justify;\"><span style=\"color: #999999;\">esta convocatoria?<\/span><\/h3>\n<p style=\"text-align: justify;\">A ciudadanos ecuatorianos que desene realizar<\/p>\n<p style=\"text-align: justify;\">estudios de tercer nivel en artes, ciencias sociales,<\/p>\n<p style=\"text-align: justify;\">ciencias biol\u00f3gicas, Ingenier\u00eda, salud, educaci\u00f3n.<\/p>\n<p style=\"text-align: justify;\">La modalidad del programa es presencial y se<\/p>\n<p style=\"text-align: justify;\">impartir\u00e1 en ingles en la <a href=\"https:\/\/siau.senescyt.gob.ec\/convocatoria\/silla-university-spring-2021\/?doing_wp_cron=1601351953.0198290348052978515625\">\u201cSilla University\u201d<\/a> de<\/p>\n<p style=\"text-align: justify;\">Corea del Sur.<\/p>\n<h3 style=\"text-align: justify;\"><span style=\"color: #999999;\">Requisitos para aplicar:<\/span><\/h3>\n<ul>\n<li style=\"text-align: justify;\">Ser ciudadano ecuatoriano.<\/li>\n<li style=\"text-align: justify;\">Ser funcionario p\u00fablico.<\/li>\n<li style=\"text-align: justify;\">Tener t\u00edtulo de tercer nivel.<\/li>\n<li style=\"text-align: justify;\">Tener suficiencia en el idioma ingl\u00e9s.<\/li>\n<li style=\"text-align: justify;\">Ni el candidato ni sus padres pueden tener nacionalidad coreana.<\/li>\n<\/ul>\n<h3 style=\"text-align: justify;\"><span style=\"color: #999999;\">Notas importantes:<\/span><\/h3>\n<h5 style=\"text-align: justify;\"><span style=\"color: #999999;\">Lugar de presentaci\u00f3n de postulaciones:<\/span><\/h5>\n<p style=\"text-align: justify;\">Presentar los documentos requeridos, de manera electr\u00f3nica al email mencionado a continuaci\u00f3n, y de manera f\u00edsica directamente en las oficinas de KOICA, hasta la fecha m\u00e1xima<br \/>\nde postulaci\u00f3n indicada en el apartado del mismo nombre de este documento.<br \/>\n<strong>Email: jpinto.koica@gmail.com<\/strong><br \/>\n<strong>Direcci\u00f3n: Av. 12 de octubre N24-660 y Francisco Salazar, Edificio Concorde, piso 3.<\/strong><br \/>\n<strong>Horario: 08h30 a 17h30 de lunes a viernes<\/strong><\/p>\n<p><strong>M\u00c1S INFORMACI\u00d3N: Secretar\u00eda de Cooperaci\u00f3n GADMU- denisse.santos@gadmuisne.gob<\/strong>[\/vc_column_text][\/vc_tta_section][\/vc_tta_tabs][\/vc_column][\/vc_row]<\/p>\n<\/div>","protected":false},"excerpt":{"rendered":"<p>[vc_row text_color=\u00bb__\u00bb heading_color=\u00bb__\u00bb link_color=\u00bb__\u00bb link_hover_color=\u00bb__\u00bb responsive_font_size=\u00bb0&#8243;][vc_column][vc_tta_tabs active_section=\u00bb1&#8243;][vc_tta_section title=\u00bbSobre la Secretar\u00eda\u00bb tab_id=\u00bb1564408816846-5febf320-2e5e\u00bb][vc_column_text el_id=\u00bbcontenido\u00bb el_class=\u00bb.con\u00bb] &nbsp; Ser\u00e1 la instancia responsable de coordinar y gestionar recursos financieros, t\u00e9cnicos, acad\u00e9micos de cooperaci\u00f3n oficial, privada, nacional e internacional para apoyar los\u00a0proyectos estrat\u00e9gicos de acuerdo al plan de desarrollo del Cant\u00f3n Muisne. El equipo de esta&#8230;<\/p>\n","protected":false},"author":1,"featured_media":0,"parent":0,"menu_order":0,"comment_status":"closed","ping_status":"closed","template":"","meta":{"footnotes":""},"class_list":["post-1435","page","type-page","status-publish","hentry"],"_links":{"self":[{"href":"https:\/\/gadmuisne.gob.ec\/web\/wp-json\/wp\/v2\/pages\/1435","targetHints":{"allow":["GET"]}}],"collection":[{"href":"https:\/\/gadmuisne.gob.ec\/web\/wp-json\/wp\/v2\/pages"}],"about":[{"href":"https:\/\/gadmuisne.gob.ec\/web\/wp-json\/wp\/v2\/types\/page"}],"author":[{"embeddable":true,"href":"https:\/\/gadmuisne.gob.ec\/web\/wp-json\/wp\/v2\/users\/1"}],"replies":[{"embeddable":true,"href":"https:\/\/gadmuisne.gob.ec\/web\/wp-json\/wp\/v2\/comments?post=1435"}],"version-history":[{"count":65,"href":"https:\/\/gadmuisne.gob.ec\/web\/wp-json\/wp\/v2\/pages\/1435\/revisions"}],"predecessor-version":[{"id":20444,"href":"https:\/\/gadmuisne.gob.ec\/web\/wp-json\/wp\/v2\/pages\/1435\/revisions\/20444"}],"wp:attachment":[{"href":"https:\/\/gadmuisne.gob.ec\/web\/wp-json\/wp\/v2\/media?parent=1435"}],"curies":[{"name":"wp","href":"https:\/\/api.w.org\/{rel}","templated":true}]}}